{"id":526,"date":"2024-11-04T16:57:08","date_gmt":"2024-11-04T16:57:08","guid":{"rendered":"https:\/\/globalsolidaritylevies.org\/?page_id=526"},"modified":"2026-04-29T15:03:04","modified_gmt":"2026-04-29T15:03:04","slug":"support-us","status":"publish","type":"page","link":"https:\/\/solidaritylevies.org\/fr\/support-us\/","title":{"rendered":"Les pr\u00e9l\u00e8vements de la Coalition pour la solidarit\u00e9"},"content":{"rendered":"<div id=\"Hero\" class=\"hero\">\n  <img decoding=\"async\" src=\"https:\/\/solidaritylevies.org\/app\/uploads\/2024\/11\/nasa-gyp1xkjZNg8-unsplash-2.jpg\" alt=\"\" class=\"hero-image\">\n      <div class=\"container\">\n    <div class=\"row\">\n      <div class=\"column\">\n        <div class=\"w-richtext\">\n                   <h1>Les pr\u00e9l\u00e8vements de la Coalition pour la solidarit\u00e9<\/h1>\n                            <\/div>\n              <\/div>\n    <\/div>\n  <\/div>\n<\/div>\n\n\n\n\n\n\n\n\n\n\n\n\n\n\n\n\n\n\n\n\n<div class=\"section snavy\">\n  <div class=\"container\">\n    <div class=\"row  rcenter\">\n            <div class=\"column  center\">\n        <div class=\"w-richtext\">\n          <h2>Que signifie soutenir la task force sur les contributions de solidarit\u00e9 mondiale ?<\/h2>\n          <p><\/p>\n        <\/div>\n              <\/div>\n                                   <\/div>\n  <\/div>\n<\/div>\n\n\n\n<div class=\"section swhite\">\n  <div class=\"container\">\n    <div class=\"row  rcenter\">\n      <div class=\"column\">\n                  <div class=\"w-richtext\"><h3><strong>Groupe de travail sur le pr\u00e9l\u00e8vement de solidarit\u00e9 mondiale<\/strong><\/h3>\n<p>La Force op\u00e9rationnelle se compose de pays copr\u00e9sidents (Barbade, Kenya, France), d'un groupe d'experts de haut niveau, de repr\u00e9sentants d'organisations partenaires cl\u00e9s et d'un secr\u00e9tariat.<\/p>\n<p>La Force op\u00e9rationnelle a pour r\u00f4le d'examiner comment introduire des contributions de solidarit\u00e9 r\u00e9alisables, \u00e9volutives et raisonnables sur les industries polluantes, afin de financer l'action climatique et le d\u00e9veloppement.<\/p>\n<p>Le r\u00f4le du groupe d'experts est de faire la lumi\u00e8re sur l'impact potentiel des pr\u00e9l\u00e8vements de solidarit\u00e9, d'\u00e9valuer la meilleure fa\u00e7on d'assurer une conception \u00e9quilibr\u00e9e et d'examiner comment r\u00e9affecter les recettes.<\/p>\n<p>Les principales organisations partenaires sont le FMI, la Banque mondiale, l'ONU, la CNUCED, l'OCDE, le G20, le G24, la Commission europ\u00e9enne, l'Union africaine, la Coalition des ministres des finances et d'autres encore.<\/p>\n<\/div>\n                \n\n\n      <\/div>\n    <\/div>\n  <\/div>\n<\/div>\n\n\n<div class=\"section slightblue\">\n  <div class=\"container\">\n    <div class=\"row  rcenter\">\n      <div class=\"column\">\n                  <div class=\"w-richtext\"><h3><strong>Les pr\u00e9l\u00e8vements de la Coalition pour la solidarit\u00e9<\/strong><\/h3>\n<p>Le Groupe de travail soutient une <strong>Les pr\u00e9l\u00e8vements de la Coalition pour la solidarit\u00e9<\/strong>, o\u00f9 les pays peuvent suivre, consulter et s'engager dans les travaux du Groupe de Travail sur la conception de pr\u00e9l\u00e8vements de solidarit\u00e9.<\/p>\n<p><strong>Tous les pays qui soutiennent la mission de la Task Force sont invit\u00e9s \u00e0 rejoindre la Coalition pour des Pr\u00e9l\u00e8vements de Solidarit\u00e9<\/strong>Les gouvernements locaux jouissent d'une autonomie fiscale.<\/p>\n<p>Les membres de la coalition s'engagent \u00e0 :<\/p>\n<ol>\n<li>Soutenir les taxes de solidarit\u00e9 en tant qu'\u00e9l\u00e9ment de solution pour combler le d\u00e9ficit de financement en mati\u00e8re de climat et de d\u00e9veloppement.<\/li>\n<li>envisagent d'introduire les taxes de solidarit\u00e9 propos\u00e9es par le groupe de travail au niveau national (conform\u00e9ment aux r\u00e9glementations fiscales locales) et sont pr\u00eats \u00e0 redistribuer une partie des fonds collect\u00e9s pour soutenir la solidarit\u00e9 internationale en faveur de l'action pour le climat et le d\u00e9veloppement.<\/li>\n<li>D\u00e9signer un sherpa officiel qui s'engagera dans les propositions de pr\u00e9l\u00e8vements de solidarit\u00e9 de la task force, repr\u00e9sentera son pays lors des r\u00e9unions de la coalition et consultera les autres membres de la coalition sur ce qu'ils estiment \u00eatre les pr\u00e9l\u00e8vements les plus attrayants.<\/li>\n<\/ol>\n<p>Les membres de la coalition sont les suivants : La Barbade, la France, le Kenya, Antigua et Barbuda, la Colombie, le Danemark, Djibouti, les Fidji, les \u00celes Marshall, le S\u00e9n\u00e9gal, la Sierra Leone, la Somalie, l'Espagne et la Zambie.<\/p>\n<p>\u00c0 ce stade, il n'est pas n\u00e9cessaire que les membres de la coalition choisissent les secteurs dans lesquels ils envisageraient d'introduire un pr\u00e9l\u00e8vement de solidarit\u00e9. Cela signifie que les membres peuvent \u00eatre int\u00e9ress\u00e9s par l'introduction d'un pr\u00e9l\u00e8vement de solidarit\u00e9 dans un secteur examin\u00e9 par le groupe de travail, mais s'opposer \u00e0 l'introduction d'un pr\u00e9l\u00e8vement dans un autre secteur.<\/p>\n<p>En 2025, cette large coalition se transformera en coalitions distinctes pour chaque secteur couvert par les propositions du groupe de travail. \u00c0 ce moment-l\u00e0, les membres devront choisir les propositions de pr\u00e9l\u00e8vement de solidarit\u00e9 qu'ils soutiennent. La cr\u00e9ation de ces coalitions distinctes permettra de pr\u00e9parer le terrain pour la COP30, au cours de laquelle le groupe de travail pr\u00e9sentera ses conclusions concernant l'introduction de pr\u00e9l\u00e8vements de solidarit\u00e9 sur des secteurs polluants sp\u00e9cifiques.<\/p>\n<p>Les discussions sur l'affectation des recettes collect\u00e9es commenceront apr\u00e8s que les projets de pr\u00e9l\u00e8vement de solidarit\u00e9 auront \u00e9t\u00e9 pr\u00e9sent\u00e9s.<\/p>\n<\/div>\n                \n\n\n      <\/div>\n    <\/div>\n  <\/div>\n<\/div>\n\n\n<div class=\"section swhite\">\n  <div class=\"container\">\n    <div class=\"row  rcenter\">\n      <div class=\"column\">\n                  <div class=\"w-richtext\"><h3 style=\"text-align: left;\"><strong>Vous souhaitez nous soutenir ?<\/strong><\/h3>\n<p><iframe style=\"width: 100%; height: 500px; border: 0px; transform: translateZ(0px);\" title=\"Formulaire de contact ITTF\" src=\"https:\/\/form.typeform.com\/to\/tFCavUOj?typeform-embed-id=6543021906633057&amp;typeform-embed=embed-widget&amp;typeform-source=internationaltaxtaskforce.org&amp;typeform-medium=snippet&amp;typeform-medium-version=next&amp;embed-opacity=100&amp;typeform-embed-handles-redirect=1\"><\/iframe><\/p>\n<\/div>\n                \n\n\n      <\/div>\n    <\/div>\n  <\/div>\n<\/div>","protected":false},"excerpt":{"rendered":"","protected":false},"author":2,"featured_media":0,"parent":0,"menu_order":0,"comment_status":"closed","ping_status":"closed","template":"","meta":{"_acf_changed":false,"footnotes":""},"acf":[],"yoast_head":"<!-- This site is optimized with the Yoast SEO plugin v22.7 - https:\/\/yoast.com\/wordpress\/plugins\/seo\/ -->\n<title>Coalition for Solidarity Levies | Global Solidarity Levies Task Force<\/title>\n<meta name=\"description\" content=\"The Global Solidarity Levies Task Force brings together countries from around the world to advance options for international levelies that will raise much needed revenue for the fight against climate change, and to support development and nature.\" \/>\n<meta name=\"robots\" content=\"index, follow, max-snippet:-1, max-image-preview:large, max-video-preview:-1\" \/>\n<link rel=\"canonical\" href=\"https:\/\/solidaritylevies.org\/fr\/support-us\/\" \/>\n<meta property=\"og:locale\" content=\"fr_FR\" \/>\n<meta property=\"og:type\" content=\"article\" \/>\n<meta property=\"og:title\" content=\"Coalition for Solidarity Levies | Global Solidarity Levies Task Force\" \/>\n<meta property=\"og:description\" content=\"The Global Solidarity Levies Task Force brings together countries from around the world to advance options for international levelies that will raise much needed revenue for the fight against climate change, and to support development and nature.\" \/>\n<meta property=\"og:url\" content=\"https:\/\/solidaritylevies.org\/fr\/support-us\/\" \/>\n<meta property=\"og:site_name\" content=\"Global Solidarity Levies Task Force\" \/>\n<meta property=\"article:modified_time\" content=\"2026-04-29T15:03:04+00:00\" \/>\n<meta property=\"og:image\" content=\"https:\/\/solidaritylevies.org\/app\/uploads\/2024\/06\/Global-Solidarity-Levies-Task-Force-Meta-Image-1-scaled.jpg\" \/>\n\t<meta property=\"og:image:width\" content=\"2560\" \/>\n\t<meta property=\"og:image:height\" content=\"1343\" \/>\n\t<meta property=\"og:image:type\" content=\"image\/jpeg\" \/>\n<meta name=\"twitter:card\" content=\"summary_large_image\" \/>\n<meta name=\"twitter:site\" content=\"@gsltaskforce\" \/>\n<script type=\"application\/ld+json\" class=\"yoast-schema-graph\">{\"@context\":\"https:\/\/schema.org\",\"@graph\":[{\"@type\":\"WebPage\",\"@id\":\"https:\/\/solidaritylevies.org\/support-us\/\",\"url\":\"https:\/\/solidaritylevies.org\/support-us\/\",\"name\":\"Coalition for Solidarity Levies | Global Solidarity Levies Task Force\",\"isPartOf\":{\"@id\":\"https:\/\/solidaritylevies.org\/#website\"},\"datePublished\":\"2024-11-04T16:57:08+00:00\",\"dateModified\":\"2026-04-29T15:03:04+00:00\",\"description\":\"The Global Solidarity Levies Task Force brings together countries from around the world to advance options for international levelies that will raise much needed revenue for the fight against climate change, and to support development and nature.\",\"breadcrumb\":{\"@id\":\"https:\/\/solidaritylevies.org\/support-us\/#breadcrumb\"},\"inLanguage\":\"fr-FR\",\"potentialAction\":[{\"@type\":\"ReadAction\",\"target\":[\"https:\/\/solidaritylevies.org\/support-us\/\"]}]},{\"@type\":\"BreadcrumbList\",\"@id\":\"https:\/\/solidaritylevies.org\/support-us\/#breadcrumb\",\"itemListElement\":[{\"@type\":\"ListItem\",\"position\":1,\"name\":\"Home\",\"item\":\"https:\/\/solidaritylevies.org\/\"},{\"@type\":\"ListItem\",\"position\":2,\"name\":\"Coalition for Solidarity Levies\"}]},{\"@type\":\"WebSite\",\"@id\":\"https:\/\/solidaritylevies.org\/#website\",\"url\":\"https:\/\/solidaritylevies.org\/\",\"name\":\"Global Solidarity Levies Task Force\",\"description\":\"For People and the Planet\",\"publisher\":{\"@id\":\"https:\/\/solidaritylevies.org\/#organization\"},\"alternateName\":\"GSLTF\",\"potentialAction\":[{\"@type\":\"SearchAction\",\"target\":{\"@type\":\"EntryPoint\",\"urlTemplate\":\"https:\/\/solidaritylevies.org\/?s={search_term_string}\"},\"query-input\":\"required name=search_term_string\"}],\"inLanguage\":\"fr-FR\"},{\"@type\":\"Organization\",\"@id\":\"https:\/\/solidaritylevies.org\/#organization\",\"name\":\"Global Solidarity Levies Task Force\",\"alternateName\":\"GSLTF\",\"url\":\"https:\/\/solidaritylevies.org\/\",\"logo\":{\"@type\":\"ImageObject\",\"inLanguage\":\"fr-FR\",\"@id\":\"https:\/\/solidaritylevies.org\/#\/schema\/logo\/image\/\",\"url\":\"https:\/\/globalsolidaritylevies.org\/app\/uploads\/2024\/06\/cropped-6627a8ba3085d54b8fd46ff9_Circle-p-1080.png\",\"contentUrl\":\"https:\/\/globalsolidaritylevies.org\/app\/uploads\/2024\/06\/cropped-6627a8ba3085d54b8fd46ff9_Circle-p-1080.png\",\"width\":512,\"height\":512,\"caption\":\"Global Solidarity Levies Task Force\"},\"image\":{\"@id\":\"https:\/\/solidaritylevies.org\/#\/schema\/logo\/image\/\"},\"sameAs\":[\"https:\/\/x.com\/gsltaskforce\",\"https:\/\/www.linkedin.com\/company\/global-solidarity-levies-task-force\/\"]}]}<\/script>\n<!-- \/ Yoast SEO plugin. -->","yoast_head_json":{"title":"Coalition for Solidarity Levies | Global Solidarity Levies Task Force","description":"The Global Solidarity Levies Task Force brings together countries from around the world to advance options for international levelies that will raise much needed revenue for the fight against climate change, and to support development and nature.","robots":{"index":"index","follow":"follow","max-snippet":"max-snippet:-1","max-image-preview":"max-image-preview:large","max-video-preview":"max-video-preview:-1"},"canonical":"https:\/\/solidaritylevies.org\/fr\/support-us\/","og_locale":"fr_FR","og_type":"article","og_title":"Coalition for Solidarity Levies | Global Solidarity Levies Task Force","og_description":"The Global Solidarity Levies Task Force brings together countries from around the world to advance options for international levelies that will raise much needed revenue for the fight against climate change, and to support development and nature.","og_url":"https:\/\/solidaritylevies.org\/fr\/support-us\/","og_site_name":"Global Solidarity Levies Task Force","article_modified_time":"2026-04-29T15:03:04+00:00","og_image":[{"width":2560,"height":1343,"url":"https:\/\/solidaritylevies.org\/app\/uploads\/2024\/06\/Global-Solidarity-Levies-Task-Force-Meta-Image-1-scaled.jpg","type":"image\/jpeg"}],"twitter_card":"summary_large_image","twitter_site":"@gsltaskforce","schema":{"@context":"https:\/\/schema.org","@graph":[{"@type":"WebPage","@id":"https:\/\/solidaritylevies.org\/support-us\/","url":"https:\/\/solidaritylevies.org\/support-us\/","name":"Coalition for Solidarity Levies | Global Solidarity Levies Task Force","isPartOf":{"@id":"https:\/\/solidaritylevies.org\/#website"},"datePublished":"2024-11-04T16:57:08+00:00","dateModified":"2026-04-29T15:03:04+00:00","description":"The Global Solidarity Levies Task Force brings together countries from around the world to advance options for international levelies that will raise much needed revenue for the fight against climate change, and to support development and nature.","breadcrumb":{"@id":"https:\/\/solidaritylevies.org\/support-us\/#breadcrumb"},"inLanguage":"fr-FR","potentialAction":[{"@type":"ReadAction","target":["https:\/\/solidaritylevies.org\/support-us\/"]}]},{"@type":"BreadcrumbList","@id":"https:\/\/solidaritylevies.org\/support-us\/#breadcrumb","itemListElement":[{"@type":"ListItem","position":1,"name":"Home","item":"https:\/\/solidaritylevies.org\/"},{"@type":"ListItem","position":2,"name":"Coalition for Solidarity Levies"}]},{"@type":"WebSite","@id":"https:\/\/solidaritylevies.org\/#website","url":"https:\/\/solidaritylevies.org\/","name":"Global Solidarity Levies Task Force","description":"For People and the Planet","publisher":{"@id":"https:\/\/solidaritylevies.org\/#organization"},"alternateName":"GSLTF","potentialAction":[{"@type":"SearchAction","target":{"@type":"EntryPoint","urlTemplate":"https:\/\/solidaritylevies.org\/?s={search_term_string}"},"query-input":"required name=search_term_string"}],"inLanguage":"fr-FR"},{"@type":"Organization","@id":"https:\/\/solidaritylevies.org\/#organization","name":"Global Solidarity Levies Task Force","alternateName":"GSLTF","url":"https:\/\/solidaritylevies.org\/","logo":{"@type":"ImageObject","inLanguage":"fr-FR","@id":"https:\/\/solidaritylevies.org\/#\/schema\/logo\/image\/","url":"https:\/\/globalsolidaritylevies.org\/app\/uploads\/2024\/06\/cropped-6627a8ba3085d54b8fd46ff9_Circle-p-1080.png","contentUrl":"https:\/\/globalsolidaritylevies.org\/app\/uploads\/2024\/06\/cropped-6627a8ba3085d54b8fd46ff9_Circle-p-1080.png","width":512,"height":512,"caption":"Global Solidarity Levies Task Force"},"image":{"@id":"https:\/\/solidaritylevies.org\/#\/schema\/logo\/image\/"},"sameAs":["https:\/\/x.com\/gsltaskforce","https:\/\/www.linkedin.com\/company\/global-solidarity-levies-task-force\/"]}]}},"_links":{"self":[{"href":"https:\/\/solidaritylevies.org\/fr\/wp-json\/wp\/v2\/pages\/526"}],"collection":[{"href":"https:\/\/solidaritylevies.org\/fr\/wp-json\/wp\/v2\/pages"}],"about":[{"href":"https:\/\/solidaritylevies.org\/fr\/wp-json\/wp\/v2\/types\/page"}],"author":[{"embeddable":true,"href":"https:\/\/solidaritylevies.org\/fr\/wp-json\/wp\/v2\/users\/2"}],"replies":[{"embeddable":true,"href":"https:\/\/solidaritylevies.org\/fr\/wp-json\/wp\/v2\/comments?post=526"}],"version-history":[{"count":13,"href":"https:\/\/solidaritylevies.org\/fr\/wp-json\/wp\/v2\/pages\/526\/revisions"}],"predecessor-version":[{"id":3895,"href":"https:\/\/solidaritylevies.org\/fr\/wp-json\/wp\/v2\/pages\/526\/revisions\/3895"}],"wp:attachment":[{"href":"https:\/\/solidaritylevies.org\/fr\/wp-json\/wp\/v2\/media?parent=526"}],"curies":[{"name":"wp","href":"https:\/\/api.w.org\/{rel}","templated":true}]}}