{"id":3702,"date":"2026-03-23T17:15:33","date_gmt":"2026-03-23T17:15:33","guid":{"rendered":"https:\/\/solidaritylevies.org\/?page_id=3702"},"modified":"2026-04-29T15:59:50","modified_gmt":"2026-04-29T15:59:50","slug":"premium-flyers-solidarity-coalition","status":"publish","type":"page","link":"https:\/\/solidaritylevies.org\/fr\/premium-flyers-solidarity-coalition\/","title":{"rendered":"Coalition Solidaire des Flyers Premium"},"content":{"rendered":"<div id=\"Hero\" class=\"hero\">\n  <img decoding=\"async\" src=\"https:\/\/solidaritylevies.org\/app\/uploads\/2026\/03\/andres-dallimonti-kjqTlMHLci4-unsplash-1-scaled.jpg\" alt=\"\" class=\"hero-image\">\n      <div class=\"container\">\n    <div class=\"row\">\n      <div class=\"column\">\n        <div class=\"w-richtext\">\n                   <h1>The Premium Flyers Solidarity Coalition <\/h1>\n                            <\/div>\n              <\/div>\n    <\/div>\n  <\/div>\n<\/div>\n\n\n\n\n\n\n\n\n\n\n\n\n\n\n\n\n\n\n\n\n<div class=\"section sgrey\">\n  <div class=\"container\">\n\n    <div class=\"row\">\n      <div class=\"column\">\n        <div class=\"w-richtext\">\n          <h2><\/h2>\n          <p><\/p>\n        <\/div>\n      <\/div>\n      <div class=\"column\"><\/div>\n    <\/div>\n\n\n            <div class=\"cardrow\">\n\n            \n                <div class=\"card cnavy\">\n                              <div class=\"cardtext\">\n            <div class=\"cardtitle\"><h3><span style=\"font-weight: 400;\">In June 2025, a new Premium Flyers Solidarity Coalition was launched at the 4th International Conference on Financing and Development in Seville, Spain. <\/span><\/h3>\n<h5><span style=\"font-weight: 400;\">The Coalition aims to improve domestic revenue mobilization of developing countries and support international solidarity. It will work to increase the number of countries applying flight levies, focusing\u00a0 on premium travel, while ensuring upward harmonization and greater progressivity in countries which already have such levies in place.\u00a0<\/span><\/h5>\n<h5><span style=\"font-weight: 400;\">In November 2025, at COP30 in Bel\u00e9m, Brazil, the Global Solidarity Levies Task Force hosted their High Level Event on Solidarity Levies. At this event, the Premium Flyers Solidarity Coalition announced new members, highlighting a deepening commitment to the Coalition and efforts to advance solidarity levies as a means of raising critical climate and development finance. The Coalition now includes Benin, Djibouti, France, Kenya, Nigeria, Sierra Leone, Somalia, South Sudan, and Spain. We also welcome Antigua and Barbuda, Brazil, Fiji, and Vanuatu as observers.\u00a0<\/span><\/h5>\n<\/div>\n          <\/div>\n                  <\/div>\n        \n                <\/div>\n        <div class=\"cardrow\">\n\n            \n                <a href=\"https:\/\/solidaritylevies.org\/fr\/cop30\/\" class=\"card-interative w-inline-block cnavy\">\n                            <img decoding=\"async\" src=\"https:\/\/solidaritylevies.org\/app\/uploads\/2025\/11\/vicente-ramos-v2IZkCKw-y4-unsplash-2-scaled.jpg\" loading=\"lazy\" alt=\"\" class=\"image\">\n                      <div class=\"cardtext\">\n            <div class=\"cardtitle\"><p style=\"text-align: center;\">\u00c9v\u00e9nement de haut niveau de la COP30 sur les contributions de solidarit\u00e9<\/p>\n<\/div>\n          <\/div>\n                  <\/a>\n        \n      \n                <a href=\"https:\/\/solidaritylevies.org\/fr\/eight-countries-launch-solidarity-coalition-for-levies-on-premium-flyers\/\" class=\"card-interative w-inline-block cnavy\">\n                            <img decoding=\"async\" src=\"https:\/\/solidaritylevies.org\/app\/uploads\/2025\/04\/AdobeStock_290512234-scaled.jpeg\" loading=\"lazy\" alt=\"\" class=\"image\">\n                      <div class=\"cardtext\">\n            <div class=\"cardtitle\"><p style=\"text-align: center;\">Huit pays lancent la coalition pour la solidarit\u00e9 avec les mouches Premium<\/p>\n<\/div>\n          <\/div>\n                  <\/a>\n        \n                <\/div>\n        <div class=\"cardrow\">\n\n            \n                <div class=\"card clight-blue\">\n                              <div class=\"cardtext\">\n            <div class=\"cardtitle\"><h3>Why Focus on Premium Flyers?<\/h3>\n<\/div>\n          <\/div>\n                  <\/div>\n        \n                <\/div>\n        <div class=\"cardrow\">\n\n            \n                <div class=\"card clight-blue\">\n                              <div class=\"cardtext\">\n            <div class=\"cardtitle\"><h5><b>Outsized emissions:<\/b><\/h5>\n<h5><span style=\"font-weight: 400;\">Luxury flyers produce <\/span><a href=\"https:\/\/neweconomics.org\/2024\/04\/sharing-the-carbon-pie-with-a-frequent-flyer-levy\"><span style=\"font-weight: 400;\">2.6-3.4x<\/span><\/a><span style=\"font-weight: 400;\"> more pollution than economy passengers; private jet users emit <\/span><a href=\"https:\/\/www.transportenvironment.org\/articles\/private-jets-can-the-super-rich-supercharge-zero-emission-aviation\"><span style=\"font-weight: 400;\">5-14x<\/span><\/a><span style=\"font-weight: 400;\"> more than commercial travelers.<\/span><\/h5>\n<\/div>\n          <\/div>\n                  <\/div>\n        \n      \n                <div class=\"card clight-blue\">\n                              <div class=\"cardtext\">\n            <div class=\"cardtitle\"><h5><b>Rapid growth:<\/b><\/h5>\n<h5><span style=\"font-weight: 400;\">Premium travel has surged since 2019, with emissions increasing <\/span><a href=\"https:\/\/theicct.org\/publication\/air-and-ghg-pollution-from-private-jets-2023-jun25\/?gad_source=1&amp;gad_campaignid=22639629046&amp;gbraid=0AAAAA_pFlee0xyMcj1OOQ5ent6p5RiBZU&amp;gclid=CjwKCAjwyMnNBhBNEiwA-Kcgu9uqzND29b-O0Gkv4y7j4_6fdpIxOHyNLYk_nEY9D-p6wRiTFffLFxoC4gkQAvD_BwE\"><span style=\"font-weight: 400;\">46%<\/span><\/a><span style=\"font-weight: 400;\"> by 2023 and, with private jet use projected to increase<\/span><a href=\"https:\/\/www.transportenvironment.org\/articles\/private-jets-can-the-super-rich-supercharge-zero-emission-aviation\"><span style=\"font-weight: 400;\"> 50%<\/span><\/a><span style=\"font-weight: 400;\"> by 2030<\/span><\/h5>\n<\/div>\n          <\/div>\n                  <\/div>\n        \n      \n                <div class=\"card clight-blue\">\n                              <div class=\"cardtext\">\n            <div class=\"cardtitle\"><h5><b>Extreme inequality:<\/b><\/h5>\n<h5><a href=\"https:\/\/www.sciencedirect.com\/science\/article\/pii\/S0959378020307779#bb0095\"><span style=\"font-weight: 400;\">1% of the world\u2019s population is responsible for over 50% of global aviation emissions and 80% of the population will never take a single flight<\/span><\/a><span style=\"font-weight: 400;\">.<\/span><\/h5>\n<h5><\/h5>\n<\/div>\n          <\/div>\n                  <\/div>\n        \n                <\/div>\n        <div class=\"cardrow\">\n\n            \n                <div class=\"card clight-blue\">\n                              <div class=\"cardtext\">\n            <div class=\"cardtitle\"><h5><span style=\"font-weight: 400;\">Premium flyer levies can raise substantial revenue with minimal economic disruption and contribute to the fight against climate change while supporting development and nature conservation.\u00a0<\/span><\/h5>\n<h5><span style=\"font-weight: 400;\">A global <\/span><a href=\"https:\/\/solidaritylevies.org\/fr\/aviationstudy\/\"><span style=\"font-weight: 400;\">levy on premium flyers could raise up<\/span><\/a><span style=\"font-weight: 400;\"> to \u20ac43 billion per year. \u20ac37 billion from premium tickets, and \u20ac6 billion from private jets.<\/span><\/h5>\n<h5><span style=\"font-weight: 400;\">Extending the levy to economy travel would generate \u20ac112 billion annually.<\/span><\/h5>\n<h5><\/h5>\n<\/div>\n          <\/div>\n                  <\/div>\n        \n      \n                <div class=\"card clight-blue\">\n                              <div class=\"cardtext\">\n            <div class=\"cardtitle\"><p><iframe loading=\"lazy\" title=\"The Untapped Potential of Solidarity Levies: Maldives\" width=\"500\" height=\"281\" src=\"https:\/\/www.youtube.com\/embed\/SWrwbo71yO8?feature=oembed\" frameborder=\"0\" allow=\"accelerometer; autoplay; clipboard-write; encrypted-media; gyroscope; picture-in-picture; web-share\" referrerpolicy=\"strict-origin-when-cross-origin\" allowfullscreen><\/iframe><\/p>\n<\/div>\n          <\/div>\n                  <\/div>\n        \n                <\/div>\n        <\/div>\n<\/div>\n\n\n<div class=\"section\">\n  <div class=\"container\">\n    <div class=\"row\">\n      <div class=\"column\">\n        <div class=\"w-richtext\">\n          <h3><strong><\/strong><\/h3>\n          <p><h1><span style=\"font-weight: 400;\">Join the Premium Flyers Solidarity Coalition<\/span><\/h1>\n<h5><span style=\"font-weight: 400;\">The Task Force supports coalitions where countries can follow, consult, and engage with the Task Force\u2019s work to design solidarity levies. The Premium Flyers Solidarity Coalition was introduced in June 2025 in Seville at the 4th International Conference on Financing for Development under the Sevilla Platform for Action. It now includes Benin, Djibouti, France, Kenya, Nigeria, Sierra Leone, Somalia, South Sudan, and Spain. Observers are Antigua and Barbuda, Brazil, Fiji, and Vanuatu.<\/span><\/h5>\n<p>&nbsp;<\/p>\n<\/p>\n        <\/div>\n                          <div class=\"accordwrapper\">\n          <div class=\"accordcross\">+<\/div>\n          <div class=\"accordtitle\" data-ix=\"accordiondd\">Who can join?<\/div>\n          <div class=\"accordcontent w-richtext\">\n            <p><p class=\"accordtitle\" data-ix=\"accordiondd\">The Coalition welcomes governments to participate at a level appropriate to their national context and policy priorities. Engagement as either a member or observer provides opportunities to influence the design of this emerging financing mechanism while demonstrating commitment to climate finance innovation.<\/p>\n<\/p>\n          <\/div>\n        <\/div>\n                  <div class=\"accordwrapper\">\n          <div class=\"accordcross\">+<\/div>\n          <div class=\"accordtitle\" data-ix=\"accordiondd\">Why join the Coalition?<\/div>\n          <div class=\"accordcontent w-richtext\">\n            <p><h5 class=\"accordtitle\" data-ix=\"accordiondd\">Resilience needs are rising rapidly across both the Global South and the Global North. Climate-related damages \u2013 from extreme weather and water stress to food insecurity and health shocks \u2013 are increasing everywhere, as reflected in rising insurance losses and growing pressure on public budgets.<\/h5>\n<div class=\"accordcontent w-richtext\">\n<h5>In the face of this common challenge, there is an urgent need for more predictable and scaled-up financing.Traditional financing mechanisms are failing to meet vulnerable nations\u2019 urgent climate and development needs.<\/h5>\n<h5>Targeted taxation of premium air travel offers a fair, efficient, and practical way to mobilize additional resources for resilience.<\/h5>\n<h5>Such measures can be tailored to national contexts, have limited distortionary effects, and can mobilize significant revenues. By strengthening domestic resource mobilization, they enhance countries\u2019 capacity to finance their own resilience priorities and help drive decisive action.<\/h5>\n<\/div>\n<\/p>\n          <\/div>\n        <\/div>\n                  <div class=\"accordwrapper\">\n          <div class=\"accordcross\">+<\/div>\n          <div class=\"accordtitle\" data-ix=\"accordiondd\">Membership Requirements<\/div>\n          <div class=\"accordcontent w-richtext\">\n            <p><div class=\"accordcontent w-richtext\">\n<p>Governments must support solidarity levies as part of the solution to close the climate and development finance gap. This includes, considering domestic level introduction of solidarity levies proposed by the Task Force. In this particular case this involves advancing levies on premium flyers to fund investments in resilience.<\/p>\n<p>Governments are also expected to take an active role through designating an official sherpa to engage with the Task Force\u2019s proposals, to represent their country at meetings and consult with other task force members on additional sectors for levies and the implementation process.<\/p>\n<\/div>\n<\/p>\n          <\/div>\n        <\/div>\n                        <\/div>\n    <\/div>\n  <\/div>\n<\/div>\n\n\n<div class=\"section sgrey\">\n  <div class=\"container\">\n\n    <div class=\"row\">\n      <div class=\"column\">\n        <div class=\"w-richtext\">\n          <h2><\/h2>\n          <p><\/p>\n        <\/div>\n      <\/div>\n      <div class=\"column\"><\/div>\n    <\/div>\n\n\n            <div class=\"cardrow\">\n\n          <\/div>\n        <div class=\"cardrow\">\n\n            \n                <a href=\"https:\/\/solidaritylevies.org\/fr\/contact\/\" class=\"card-interative w-inline-block cforest-green\">\n                            <img decoding=\"async\" src=\"https:\/\/solidaritylevies.org\/app\/uploads\/2026\/02\/damian-patkowski-T-LfvX-7IVg-unsplash-scaled-e1770374686328.jpg\" loading=\"lazy\" alt=\"\" class=\"image\">\n                      <div class=\"cardtext\">\n            <div class=\"cardtitle\"><p style=\"text-align: center;\">Nous contacter<\/p>\n<\/div>\n          <\/div>\n                  <\/a>\n        \n                <\/div>\n        <\/div>\n<\/div>\n\n\n<div class=\"section snavy\">\n  <div class=\"container\">\n    <div class=\"row\">\n            <div class=\"column  divide\">\n        <div class=\"w-richtext\">\n          <h2>FAQ<\/h2>\n          <p><p style=\"text-align: left;\">Obtenez des r\u00e9ponses claires sur ce que sont les pr\u00e9l\u00e8vements de solidarit\u00e9, comment ils sont con\u00e7us et pourquoi ils sont importants pour les objectifs climatiques et de d\u00e9veloppement.<\/p>\n<h1><\/h1>\n<\/p>\n        <\/div>\n                                                            <a href=\"\/fr\/draft-about-us-sophie-and-catherine\/#faq\" class=\"button w-button\">FAQ<\/a>\n                                                  <\/div>\n                                  <div class=\"column\">\n            <div class=\"w-richtext\">\n              <h2>Restez inform\u00e9<\/h2>\n              <p><p>Inscrivez-vous \u00e0 notre lettre d'information pour \u00eatre tenu au courant des derni\u00e8res nouvelles du groupe de travail sur les taxes de solidarit\u00e9 mondiale.<\/p>\n<div id=\"mc_embed_shell\">\n<div id=\"mc_embed_signup\">\n<form id=\"mc-embedded-subscribe-form\" class=\"validate\" action=\"https:\/\/europeanclimate.us17.list-manage.com\/subscribe\/post?u=3d3e81548b7933c033b32f018&#038;id=1b90b76516&#038;f_id=00fac2e1f0\" method=\"post\" name=\"mc-embedded-subscribe-form\" novalidate=\"\" target=\"_self\" data-trp-original-action=\"https:\/\/europeanclimate.us17.list-manage.com\/subscribe\/post?u=3d3e81548b7933c033b32f018&amp;id=1b90b76516&amp;f_id=00fac2e1f0\">\n<div id=\"mc_embed_signup_scroll\">\n<div class=\"indicates-required\"><\/div>\n<div class=\"mc-field-group\"><label for=\"mce-EMAIL\">Votre Email <span class=\"asterisk\">*<\/span><\/label><input id=\"mce-EMAIL\" class=\"required email\" style=\"color: black;\" name=\"EMAIL\" required=\"\" type=\"email\" value=\"\" \/><\/div>\n<div hidden=\"\"><input name=\"tags\" type=\"hidden\" value=\"55\" \/><\/div>\n<div id=\"mce-responses\" class=\"clear\">\n<div id=\"mce-error-response\" class=\"response\" style=\"display: none;\"><\/div>\n<div id=\"mce-success-response\" class=\"response\" style=\"display: none;\"><\/div>\n<\/div>\n<div style=\"position: absolute; left: -5000px;\" aria-hidden=\"true\"><input tabindex=\"-1\" name=\"b_3d3e81548b7933c033b32f018_1b90b76516\" type=\"text\" value=\"\" \/><\/div>\n<div class=\"clear\"><input id=\"mc-embedded-subscribe\" class=\"button\" name=\"subscribe\" type=\"submit\" value=\"S&#039;abonner\" \/><\/div>\n<\/div>\n<input type=\"hidden\" name=\"trp-form-language\" value=\"fr\"\/><\/form>\n<\/div>\n<\/div>\n<\/p>\n            <\/div>\n                      <\/div>\n                     <\/div>\n  <\/div>\n<\/div>","protected":false},"excerpt":{"rendered":"","protected":false},"author":22,"featured_media":0,"parent":0,"menu_order":0,"comment_status":"closed","ping_status":"closed","template":"","meta":{"_acf_changed":false,"footnotes":""},"acf":[],"yoast_head":"<!-- This site is optimized with the Yoast SEO plugin v22.7 - https:\/\/yoast.com\/wordpress\/plugins\/seo\/ -->\n<title>Premium Flyers Solidarity Coalition | Global Solidarity Levies Task Force<\/title>\n<meta name=\"description\" content=\"The Global Solidarity Levies Task Force brings together countries from around the world to advance options for international levelies that will raise much needed revenue for the fight against climate change, and to support development and nature.\" \/>\n<meta name=\"robots\" content=\"index, follow, max-snippet:-1, max-image-preview:large, max-video-preview:-1\" \/>\n<link rel=\"canonical\" href=\"https:\/\/solidaritylevies.org\/fr\/premium-flyers-solidarity-coalition\/\" \/>\n<meta property=\"og:locale\" content=\"fr_FR\" \/>\n<meta property=\"og:type\" content=\"article\" \/>\n<meta property=\"og:title\" content=\"Premium Flyers Solidarity Coalition | Global Solidarity Levies Task Force\" \/>\n<meta property=\"og:description\" content=\"The Global Solidarity Levies Task Force brings together countries from around the world to advance options for international levelies that will raise much needed revenue for the fight against climate change, and to support development and nature.\" \/>\n<meta property=\"og:url\" content=\"https:\/\/solidaritylevies.org\/fr\/premium-flyers-solidarity-coalition\/\" \/>\n<meta property=\"og:site_name\" content=\"Global Solidarity Levies Task Force\" \/>\n<meta property=\"article:modified_time\" content=\"2026-04-29T15:59:50+00:00\" \/>\n<meta property=\"og:image\" content=\"https:\/\/solidaritylevies.org\/app\/uploads\/2024\/06\/Global-Solidarity-Levies-Task-Force-Meta-Image-1-scaled.jpg\" \/>\n\t<meta property=\"og:image:width\" content=\"2560\" \/>\n\t<meta property=\"og:image:height\" content=\"1343\" \/>\n\t<meta property=\"og:image:type\" content=\"image\/jpeg\" \/>\n<meta name=\"twitter:card\" content=\"summary_large_image\" \/>\n<meta name=\"twitter:site\" content=\"@gsltaskforce\" \/>\n<script type=\"application\/ld+json\" class=\"yoast-schema-graph\">{\"@context\":\"https:\/\/schema.org\",\"@graph\":[{\"@type\":\"WebPage\",\"@id\":\"https:\/\/solidaritylevies.org\/premium-flyers-solidarity-coalition\/\",\"url\":\"https:\/\/solidaritylevies.org\/premium-flyers-solidarity-coalition\/\",\"name\":\"Premium Flyers Solidarity Coalition | Global Solidarity Levies Task Force\",\"isPartOf\":{\"@id\":\"https:\/\/solidaritylevies.org\/#website\"},\"datePublished\":\"2026-03-23T17:15:33+00:00\",\"dateModified\":\"2026-04-29T15:59:50+00:00\",\"description\":\"The Global Solidarity Levies Task Force brings together countries from around the world to advance options for international levelies that will raise much needed revenue for the fight against climate change, and to support development and nature.\",\"breadcrumb\":{\"@id\":\"https:\/\/solidaritylevies.org\/premium-flyers-solidarity-coalition\/#breadcrumb\"},\"inLanguage\":\"fr-FR\",\"potentialAction\":[{\"@type\":\"ReadAction\",\"target\":[\"https:\/\/solidaritylevies.org\/premium-flyers-solidarity-coalition\/\"]}]},{\"@type\":\"BreadcrumbList\",\"@id\":\"https:\/\/solidaritylevies.org\/premium-flyers-solidarity-coalition\/#breadcrumb\",\"itemListElement\":[{\"@type\":\"ListItem\",\"position\":1,\"name\":\"Home\",\"item\":\"https:\/\/solidaritylevies.org\/\"},{\"@type\":\"ListItem\",\"position\":2,\"name\":\"Premium Flyers Solidarity Coalition\"}]},{\"@type\":\"WebSite\",\"@id\":\"https:\/\/solidaritylevies.org\/#website\",\"url\":\"https:\/\/solidaritylevies.org\/\",\"name\":\"Global Solidarity Levies Task Force\",\"description\":\"For People and the Planet\",\"publisher\":{\"@id\":\"https:\/\/solidaritylevies.org\/#organization\"},\"alternateName\":\"GSLTF\",\"potentialAction\":[{\"@type\":\"SearchAction\",\"target\":{\"@type\":\"EntryPoint\",\"urlTemplate\":\"https:\/\/solidaritylevies.org\/?s={search_term_string}\"},\"query-input\":\"required name=search_term_string\"}],\"inLanguage\":\"fr-FR\"},{\"@type\":\"Organization\",\"@id\":\"https:\/\/solidaritylevies.org\/#organization\",\"name\":\"Global Solidarity Levies Task Force\",\"alternateName\":\"GSLTF\",\"url\":\"https:\/\/solidaritylevies.org\/\",\"logo\":{\"@type\":\"ImageObject\",\"inLanguage\":\"fr-FR\",\"@id\":\"https:\/\/solidaritylevies.org\/#\/schema\/logo\/image\/\",\"url\":\"https:\/\/globalsolidaritylevies.org\/app\/uploads\/2024\/06\/cropped-6627a8ba3085d54b8fd46ff9_Circle-p-1080.png\",\"contentUrl\":\"https:\/\/globalsolidaritylevies.org\/app\/uploads\/2024\/06\/cropped-6627a8ba3085d54b8fd46ff9_Circle-p-1080.png\",\"width\":512,\"height\":512,\"caption\":\"Global Solidarity Levies Task Force\"},\"image\":{\"@id\":\"https:\/\/solidaritylevies.org\/#\/schema\/logo\/image\/\"},\"sameAs\":[\"https:\/\/x.com\/gsltaskforce\",\"https:\/\/www.linkedin.com\/company\/global-solidarity-levies-task-force\/\"]}]}<\/script>\n<!-- \/ Yoast SEO plugin. -->","yoast_head_json":{"title":"Premium Flyers Solidarity Coalition | Global Solidarity Levies Task Force","description":"The Global Solidarity Levies Task Force brings together countries from around the world to advance options for international levelies that will raise much needed revenue for the fight against climate change, and to support development and nature.","robots":{"index":"index","follow":"follow","max-snippet":"max-snippet:-1","max-image-preview":"max-image-preview:large","max-video-preview":"max-video-preview:-1"},"canonical":"https:\/\/solidaritylevies.org\/fr\/premium-flyers-solidarity-coalition\/","og_locale":"fr_FR","og_type":"article","og_title":"Premium Flyers Solidarity Coalition | Global Solidarity Levies Task Force","og_description":"The Global Solidarity Levies Task Force brings together countries from around the world to advance options for international levelies that will raise much needed revenue for the fight against climate change, and to support development and nature.","og_url":"https:\/\/solidaritylevies.org\/fr\/premium-flyers-solidarity-coalition\/","og_site_name":"Global Solidarity Levies Task Force","article_modified_time":"2026-04-29T15:59:50+00:00","og_image":[{"width":2560,"height":1343,"url":"https:\/\/solidaritylevies.org\/app\/uploads\/2024\/06\/Global-Solidarity-Levies-Task-Force-Meta-Image-1-scaled.jpg","type":"image\/jpeg"}],"twitter_card":"summary_large_image","twitter_site":"@gsltaskforce","schema":{"@context":"https:\/\/schema.org","@graph":[{"@type":"WebPage","@id":"https:\/\/solidaritylevies.org\/premium-flyers-solidarity-coalition\/","url":"https:\/\/solidaritylevies.org\/premium-flyers-solidarity-coalition\/","name":"Premium Flyers Solidarity Coalition | Global Solidarity Levies Task Force","isPartOf":{"@id":"https:\/\/solidaritylevies.org\/#website"},"datePublished":"2026-03-23T17:15:33+00:00","dateModified":"2026-04-29T15:59:50+00:00","description":"The Global Solidarity Levies Task Force brings together countries from around the world to advance options for international levelies that will raise much needed revenue for the fight against climate change, and to support development and nature.","breadcrumb":{"@id":"https:\/\/solidaritylevies.org\/premium-flyers-solidarity-coalition\/#breadcrumb"},"inLanguage":"fr-FR","potentialAction":[{"@type":"ReadAction","target":["https:\/\/solidaritylevies.org\/premium-flyers-solidarity-coalition\/"]}]},{"@type":"BreadcrumbList","@id":"https:\/\/solidaritylevies.org\/premium-flyers-solidarity-coalition\/#breadcrumb","itemListElement":[{"@type":"ListItem","position":1,"name":"Home","item":"https:\/\/solidaritylevies.org\/"},{"@type":"ListItem","position":2,"name":"Premium Flyers Solidarity Coalition"}]},{"@type":"WebSite","@id":"https:\/\/solidaritylevies.org\/#website","url":"https:\/\/solidaritylevies.org\/","name":"Global Solidarity Levies Task Force","description":"For People and the Planet","publisher":{"@id":"https:\/\/solidaritylevies.org\/#organization"},"alternateName":"GSLTF","potentialAction":[{"@type":"SearchAction","target":{"@type":"EntryPoint","urlTemplate":"https:\/\/solidaritylevies.org\/?s={search_term_string}"},"query-input":"required name=search_term_string"}],"inLanguage":"fr-FR"},{"@type":"Organization","@id":"https:\/\/solidaritylevies.org\/#organization","name":"Global Solidarity Levies Task Force","alternateName":"GSLTF","url":"https:\/\/solidaritylevies.org\/","logo":{"@type":"ImageObject","inLanguage":"fr-FR","@id":"https:\/\/solidaritylevies.org\/#\/schema\/logo\/image\/","url":"https:\/\/globalsolidaritylevies.org\/app\/uploads\/2024\/06\/cropped-6627a8ba3085d54b8fd46ff9_Circle-p-1080.png","contentUrl":"https:\/\/globalsolidaritylevies.org\/app\/uploads\/2024\/06\/cropped-6627a8ba3085d54b8fd46ff9_Circle-p-1080.png","width":512,"height":512,"caption":"Global Solidarity Levies Task Force"},"image":{"@id":"https:\/\/solidaritylevies.org\/#\/schema\/logo\/image\/"},"sameAs":["https:\/\/x.com\/gsltaskforce","https:\/\/www.linkedin.com\/company\/global-solidarity-levies-task-force\/"]}]}},"_links":{"self":[{"href":"https:\/\/solidaritylevies.org\/fr\/wp-json\/wp\/v2\/pages\/3702"}],"collection":[{"href":"https:\/\/solidaritylevies.org\/fr\/wp-json\/wp\/v2\/pages"}],"about":[{"href":"https:\/\/solidaritylevies.org\/fr\/wp-json\/wp\/v2\/types\/page"}],"author":[{"embeddable":true,"href":"https:\/\/solidaritylevies.org\/fr\/wp-json\/wp\/v2\/users\/22"}],"replies":[{"embeddable":true,"href":"https:\/\/solidaritylevies.org\/fr\/wp-json\/wp\/v2\/comments?post=3702"}],"version-history":[{"count":21,"href":"https:\/\/solidaritylevies.org\/fr\/wp-json\/wp\/v2\/pages\/3702\/revisions"}],"predecessor-version":[{"id":3903,"href":"https:\/\/solidaritylevies.org\/fr\/wp-json\/wp\/v2\/pages\/3702\/revisions\/3903"}],"wp:attachment":[{"href":"https:\/\/solidaritylevies.org\/fr\/wp-json\/wp\/v2\/media?parent=3702"}],"curies":[{"name":"wp","href":"https:\/\/api.w.org\/{rel}","templated":true}]}}