{"id":2855,"date":"2026-02-27T14:50:16","date_gmt":"2026-02-27T14:50:16","guid":{"rendered":"https:\/\/solidaritylevies.org\/?page_id=2855"},"modified":"2026-04-29T13:42:51","modified_gmt":"2026-04-29T13:42:51","slug":"about-us","status":"publish","type":"page","link":"https:\/\/solidaritylevies.org\/fr\/about-2\/about-us\/","title":{"rendered":"\u00c0 propos de nous"},"content":{"rendered":"<div id=\"Hero\" class=\"hero\">\n  <img decoding=\"async\" src=\"https:\/\/solidaritylevies.org\/app\/uploads\/2026\/02\/qingbao-meng-01_igFr7hd4-unsplash-scaled.jpg\" alt=\"\" class=\"hero-image\">\n      <div class=\"container\">\n    <div class=\"row\">\n      <div class=\"column\">\n        <div class=\"w-richtext\">\n                   <h1>\u00c0 propos de nous <\/h1>\n                            <\/div>\n              <\/div>\n    <\/div>\n  <\/div>\n<\/div>\n\n\n\n\n\n\n\n\n\n\n\n\n\n\n\n\n\n\n\n\n<div class=\"section sgrey\">\n  <div class=\"container\">\n\n    <div class=\"row\">\n      <div class=\"column\">\n        <div class=\"w-richtext\">\n          <h2><\/h2>\n          <p><\/p>\n        <\/div>\n      <\/div>\n      <div class=\"column\"><\/div>\n    <\/div>\n\n\n            <div class=\"cardrow\">\n\n            \n                <div class=\"card cforest-green\">\n                              <div class=\"cardtext\">\n            <div class=\"cardtitle\"><h3><span style=\"font-weight: 400;\">Mandat\u00a0<\/span><\/h3>\n<h5><span style=\"font-weight: 400;\">Sous le mandat des pays copr\u00e9sidents \u2013 la Barbade, la France et le Kenya \u2013 les travaux du Groupe de travail sur les redevances de solidarit\u00e9 mondiale s'appuient sur des d\u00e9bats de longue date concernant des m\u00e9canismes de financement durable pour compl\u00e9ter les flux publics et priv\u00e9s traditionnels. Face \u00e0 des \u00e9carts de financement croissants pour le d\u00e9veloppement durable et l'action climatique, le Groupe de travail cherche \u00e0 \u00e9valuer la faisabilit\u00e9 et \u00e0 explorer l'impact des redevances de solidarit\u00e9, dans le but de constituer des coalitions de volontaires pour mettre en \u0153uvre une ou plusieurs des redevances de solidarit\u00e9 et utiliser le produit pour des actions climatiques et de d\u00e9veloppement. Notre mandat s'appuie sur les r\u00e9sultats du Bilan mondial, du Pacte pour le peuple, la plan\u00e8te et la prosp\u00e9rit\u00e9, et du Sommet africain sur le climat 2024. \u00c0 la COP30, le mandat du GSLTF a \u00e9t\u00e9 renouvel\u00e9 pour 3 ann\u00e9es suppl\u00e9mentaires jusqu'en 2028 (COP33).<\/span><\/h5>\n<\/div>\n          <\/div>\n                  <\/div>\n        \n      \n                <div class=\"card cforest-green\">\n                              <div class=\"cardtext\">\n            <div class=\"cardtitle\"><h5><\/h5>\n<h3><span style=\"font-weight: 400;\">Mission\u00a0<\/span><\/h3>\n<h5><span style=\"font-weight: 400;\">Le Groupe de travail sur les pr\u00e9l\u00e8vements pour la solidarit\u00e9 mondiale cherche \u00e0 :\u00a0<\/span><\/h5>\n<ul>\n<li style=\"font-weight: 400;\" aria-level=\"1\"><span style=\"font-weight: 400;\">Identifier, \u00e9valuer et promouvoir des pr\u00e9l\u00e8vements \u2013 en particulier sur les secteurs tr\u00e8s mondialis\u00e9s, polluants et sous-impos\u00e9s \u2013 afin de cr\u00e9er des sources de financement pr\u00e9visibles pour l'action climatique et le d\u00e9veloppement, tels que l'aviation, les combustibles fossiles, et les transactions financi\u00e8res et cryptographiques ;<\/span><\/li>\n<li style=\"font-weight: 400;\" aria-level=\"1\"><span style=\"font-weight: 400;\">Compl\u00e9ter, et non remplacer, l'APD traditionnelle et les investissements priv\u00e9s.<\/span><\/li>\n<li style=\"font-weight: 400;\" aria-level=\"1\"><span style=\"font-weight: 400;\">Aider \u00e0 construire des coalitions de pays pionniers d\u00e9sireux d'avancer ensemble dans la coordination des taxes de solidarit\u00e9 et l'utilisation de leurs revenus. La premi\u00e8re coalition des volontaires, la Coalition de Solidarit\u00e9 des Volants de Prestige, a \u00e9t\u00e9 annonc\u00e9e en 2025.<\/span><\/li>\n<li style=\"font-weight: 400;\" aria-level=\"1\"><span style=\"font-weight: 400;\">Mettre en place une plateforme pour soutenir les gouvernements dans la mise en \u0153uvre technique et l'\u00e9change de meilleures pratiques.<\/span><\/li>\n<\/ul>\n<\/div>\n          <\/div>\n                  <\/div>\n        \n                <\/div>\n        <div class=\"cardrow\">\n\n          <\/div>\n        <div class=\"cardrow\">\n\n          <\/div>\n        <div class=\"cardrow\">\n\n            \n                <div class=\"card cforest-green\">\n                            <img decoding=\"async\" src=\"https:\/\/solidaritylevies.org\/app\/uploads\/2026\/02\/IMG_3953-1-e1770213124889.jpg\" loading=\"lazy\" alt=\"\" class=\"image\">\n                      <div class=\"cardtext\">\n            <div class=\"cardtitle\"><\/div>\n          <\/div>\n                  <\/div>\n        \n                <\/div>\n        <div class=\"cardrow\">\n\n          <\/div>\n        <div class=\"cardrow\">\n\n            \n                <div class=\"card clight-blue\">\n                              <div class=\"cardtext\">\n            <div class=\"cardtitle\"><h3>Nos secteurs prioritaires sont :<\/h3>\n<\/div>\n          <\/div>\n                  <\/div>\n        \n                <\/div>\n        <div class=\"cardrow\">\n\n            \n                <a href=\"https:\/\/solidaritylevies.org\/fr\/draft-aviation-2-0-sophie\/\" class=\"card-interative w-inline-block clight-blue\">\n                            <img decoding=\"async\" src=\"https:\/\/solidaritylevies.org\/app\/uploads\/2026\/02\/prasad-panchakshari-QRJtnU00vu4-unsplash-scaled.jpg\" loading=\"lazy\" alt=\"\" class=\"image\">\n                      <div class=\"cardtext\">\n            <div class=\"cardtitle\"><p style=\"text-align: center;\">Aviation<\/p>\n<\/div>\n          <\/div>\n                  <\/a>\n        \n      \n                <a href=\"https:\/\/solidaritylevies.org\/fr\/draft-financial-transactions-sophie-and-catherine\/\" class=\"card-interative w-inline-block clight-blue\">\n                            <img decoding=\"async\" src=\"https:\/\/solidaritylevies.org\/app\/uploads\/2026\/02\/Stock-exchange-1024x683-1.jpg\" loading=\"lazy\" alt=\"\" class=\"image\">\n                      <div class=\"cardtext\">\n            <div class=\"cardtitle\"><p style=\"text-align: center;\">Taxe sur les transactions financi\u00e8res<\/p>\n<\/div>\n          <\/div>\n                  <\/a>\n        \n      \n                <a href=\"https:\/\/solidaritylevies.org\/fr\/draft-cryptocurrencies-sophie-and-catherine\/\" class=\"card-interative w-inline-block clight-blue\">\n                            <img decoding=\"async\" src=\"https:\/\/solidaritylevies.org\/app\/uploads\/2025\/11\/global-bitcoin-blockchain-network-cryptocurrency-600nw-2652494645.webp\" loading=\"lazy\" alt=\"\" class=\"image\">\n                      <div class=\"cardtext\">\n            <div class=\"cardtitle\"><p style=\"text-align: center;\">Cryptomonnaies<\/p>\n<\/div>\n          <\/div>\n                  <\/a>\n        \n      \n                <a href=\"https:\/\/solidaritylevies.org\/fr\/draft-fossil-fuels-sophie-and-catherine\/\" class=\"card-interative w-inline-block clight-blue\">\n                            <img decoding=\"async\" src=\"https:\/\/solidaritylevies.org\/app\/uploads\/2024\/06\/6645d0868bc0f48bf8d727ed_marcin-jozwiak-NdMcz5d74Ak-unsplash-scaled.jpg\" loading=\"lazy\" alt=\"\" class=\"image\">\n                      <div class=\"cardtext\">\n            <div class=\"cardtitle\"><p style=\"text-align: center;\">Fossil Fuels<\/p>\n<\/div>\n          <\/div>\n                  <\/a>\n        \n                <\/div>\n        <div class=\"cardrow\">\n\n          <\/div>\n        <div class=\"cardrow\">\n\n            \n                <div class=\"card cnavy\">\n                              <div class=\"cardtext\">\n            <div class=\"cardtitle\"><h3><b>Qui nous sommes\u00a0<\/b><\/h3>\n<h5><span style=\"font-weight: 400;\">Le secr\u00e9tariat de la Task Force est h\u00e9berg\u00e9 par la Fondation europ\u00e9enne pour le climat (ECF) et dirig\u00e9 par Laurence Tubiana, directrice g\u00e9n\u00e9rale de l'ECF.<\/span><\/h5>\n<h5><span style=\"font-weight: 400;\">Nous r\u00e9unissons des experts internationaux et des d\u00e9cideurs politiques pour promouvoir les pr\u00e9l\u00e8vements de solidarit\u00e9.<\/span><\/h5>\n<\/div>\n          <\/div>\n                  <\/div>\n        \n                <\/div>\n        <div class=\"cardrow\">\n\n            \n                <a href=\"https:\/\/solidaritylevies.org\/fr\/about-2\/who-we-are\/\" class=\"card-interative w-inline-block cnavy\">\n                            <img decoding=\"async\" src=\"https:\/\/solidaritylevies.org\/app\/uploads\/2026\/02\/IMG_3568.jpg\" loading=\"lazy\" alt=\"\" class=\"image\">\n                      <div class=\"cardtext\">\n            <div class=\"cardtitle\"><p style=\"text-align: center;\">En savoir plus sur notre \u00e9quipe<\/p>\n<\/div>\n          <\/div>\n                  <\/a>\n        \n      \n                <a href=\"https:\/\/solidaritylevies.org\/fr\/draft-policy-resources-sophie\/\" class=\"card-interative w-inline-block cnavy\">\n                            <img decoding=\"async\" src=\"https:\/\/solidaritylevies.org\/app\/uploads\/2026\/02\/IMG_3554.jpg\" loading=\"lazy\" alt=\"\" class=\"image\">\n                      <div class=\"cardtext\">\n            <div class=\"cardtitle\"><p style=\"text-align: center;\">En savoir plus sur notre travail<\/p>\n<\/div>\n          <\/div>\n                  <\/a>\n        \n                <\/div>\n        <\/div>\n<\/div>\n\n\n<div id=\"Timeline\" class=\"section circle-pattern timeline\">\n  <div class=\"container\">\n\n\n\n    <div class=\"row\">\n      <div class=\"column\">\n        <div class=\"w-richtext\">\n          <h2>Histoire de la Force op\u00e9rationnelle <\/h2>\n          \n        <\/div>\n      <\/div>\n      <div class=\"column\"><\/div>\n    <\/div>\n\n\n\n                    <div class=\"row rcenter\">\n        <div class=\"column center\">\n          <div class=\"w-richtext\">\n            <h3>2025<\/h3>\n          <\/div>\n        <\/div>\n      <\/div>\n\n\n\n                          <div class=\"row\">\n          <div class=\"line\">\n            <div class=\"branch\"><\/div>\n          <\/div>\n                    <div class=\"column  cleft\">\n            <div class=\"timeline-item\">\n              <div class=\"w-richtext\">\n                <h3 class=\"green-text\">COP30<\/h3>\n                <p class=\"green-text\"><strong class=\"green-text\">La Coalition des Primes de Solidarit\u00e9 des Volontaires a annonc\u00e9 de nouveaux membres.<\/strong><\/p>\n                <p>Membres (depuis la COP30) : B\u00e9nin, Djibouti, France, Kenya, Nig\u00e9ria, Sierra Leone, Somalie, Soudan du Sud et Espagne.\n\nObservateurs : Antigua-et-Barbuda, Br\u00e9sil, Fidji et Vanuatu. \r\n<\/p>\n              <\/div>\n            <\/div>\n          <\/div>\n                      <div class=\"column\"><\/div>\n                  <\/div>\n                                <div class=\"row\">\n          <div class=\"line\">\n            <div class=\"branch  bright\"><\/div>\n          <\/div>\n                      <div class=\"column\"><\/div>\n                    <div class=\"column\">\n            <div class=\"timeline-item\">\n              <div class=\"w-richtext\">\n                <h3 class=\"green-text\">FFD4<\/h3>\n                <p class=\"green-text\"><strong class=\"green-text\">La Coalition pour la solidarit\u00e9 des compagnies a\u00e9riennes premium a \u00e9t\u00e9 lanc\u00e9e lors de la 4e Conf\u00e9rence internationale sur le financement du d\u00e9veloppement \u00e0 S\u00e9ville en juin 2025.<\/strong><\/p>\n                <p>La Coalition vise \u00e0 faire avancer les pr\u00e9l\u00e8vements sur les voyages de luxe pour financer l'action climatique et de d\u00e9veloppement. C'est la premi\u00e8re coalition de ce type, mais pas la derni\u00e8re.  <\/p>\n              <\/div>\n            <\/div>\n          <\/div>\n                  <\/div>\n                      \n\n                  <div class=\"row rcenter\">\n        <div class=\"column center\">\n          <div class=\"w-richtext\">\n            <h3>2024<\/h3>\n          <\/div>\n        <\/div>\n      <\/div>\n\n\n\n                          <div class=\"row\">\n          <div class=\"line\">\n            <div class=\"branch\"><\/div>\n          <\/div>\n                    <div class=\"column  cleft\">\n            <div class=\"timeline-item  tigreen\">\n              <div class=\"w-richtext\">\n                <h3 class=\"forest-green-text\">COP29<\/h3>\n                <p class=\"forest-green-text\"><strong class=\"forest-green-text\">Lors de la COP29, le Groupe de travail a annonc\u00e9 de nouveaux membres cl\u00e9s, d\u00e9montrant ainsi la volont\u00e9 politique et l'engagement en faveur de la cr\u00e9ation d'une coalition de volontaires pour des taxes de solidarit\u00e9.<\/strong><\/p>\n                <p>Nouveaux membres : Sierra Leone, Zambie, Fidji, Djibouti, Somalie, Antigua-et-Barbuda, Colombie, \u00celes Marshall, S\u00e9n\u00e9gal, Espagne, Danemark. Observateurs : Union africaine, Commission europ\u00e9enne, Allemagne. \r\n\r\n <\/p>\n              <\/div>\n            <\/div>\n          <\/div>\n                      <div class=\"column\"><\/div>\n                  <\/div>\n                      \n\n                  <div class=\"row rcenter\">\n        <div class=\"column center\">\n          <div class=\"w-richtext\">\n            <h3>2023<\/h3>\n          <\/div>\n        <\/div>\n      <\/div>\n\n\n\n                          <div class=\"row\">\n          <div class=\"line\">\n            <div class=\"branch  bright\"><\/div>\n          <\/div>\n                      <div class=\"column\"><\/div>\n                    <div class=\"column\">\n            <div class=\"timeline-item\">\n              <div class=\"w-richtext\">\n                <h3 class=\"green-text\">COP28<\/h3>\n                <p class=\"green-text\"><strong class=\"green-text\">La Task Force est lanc\u00e9e lors de la COP28 par les copr\u00e9sidents la Barbade, la France et le Kenya. <\/strong><\/p>\n                <p>Le mandat de la Force op\u00e9rationnelle s'appuie sur les conclusions du bilan mondial et compl\u00e8te d'autres initiatives, y compris l'appel \u00e0 une convention fiscale des Nations Unies et la r\u00e9forme fiscale mondiale de l'OCDE \u00e0 deux piliers. <\/p>\n              <\/div>\n            <\/div>\n          <\/div>\n                  <\/div>\n                                <div class=\"row\">\n          <div class=\"line\">\n            <div class=\"branch\"><\/div>\n          <\/div>\n                    <div class=\"column  cleft\">\n            <div class=\"timeline-item\">\n              <div class=\"w-richtext\">\n                <h3 class=\"green-text\">Le Sommet Africain sur le Climat <\/h3>\n                <p class=\"green-text\"><strong class=\"green-text\">Le Sommet a approuv\u00e9 la D\u00e9claration des dirigeants africains de Nairobi sur le changement climatique.<\/strong><\/p>\n                <p>The Declaration calls for a global carbon tax on fossil fuel trade, maritime transport, and aviation, as well as a global financial transaction tax and a Global Finance Charter to support climate-positive investments, making the idea of the Task Force even more relevant.\r\n<\/p>\n              <\/div>\n            <\/div>\n          <\/div>\n                      <div class=\"column\"><\/div>\n                  <\/div>\n                                <div class=\"row\">\n          <div class=\"line\">\n            <div class=\"branch  bright\"><\/div>\n          <\/div>\n                      <div class=\"column\"><\/div>\n                    <div class=\"column\">\n            <div class=\"timeline-item\">\n              <div class=\"w-richtext\">\n                <h3 class=\"green-text\">Sommet pour un nouveau pacte financier mondial <\/h3>\n                <p class=\"green-text\"><strong class=\"green-text\">Cr\u00e9ation de la cellule sp\u00e9ciale internationale pour les questions fiscales<\/strong><\/p>\n                <p>Les participants ont discut\u00e9 de la question de la fiscalit\u00e9 internationale et ont publi\u00e9 une d\u00e9claration politique appelant \u00e0 poursuivre les travaux pour explorer de \"nouvelles pistes pour la fiscalit\u00e9 internationale\". Pour ce faire, un groupe de travail charg\u00e9 d'examiner de nouvelles ressources financi\u00e8res possibles par le biais de la fiscalit\u00e9 a \u00e9t\u00e9 propos\u00e9 : l'International Tax Taskforce, qui est devenu plus tard le Global Solidarity Levies Task Force.\r\n<\/p>\n              <\/div>\n            <\/div>\n          <\/div>\n                  <\/div>\n                      \n\n      \n  <\/div>\n<\/div>\n\n\n<div id=\"faq\" data-slug=\"faq\" data-name=\"FAQ\" class=\"anchor-point wp-elements-120c00e0f2e4a8b025dbe18361a1f080\"><p>Point d'ancrage : FAQ<\/p><\/div>\n\n\n<div class=\"section\">\n  <div class=\"container\">\n    <div class=\"row\">\n      <div class=\"column\">\n        <div class=\"w-richtext\">\n          <h3><strong>Questions fr\u00e9quentes<\/strong><\/h3>\n          <p><\/p>\n        <\/div>\n                          <div class=\"accordwrapper\">\n          <div class=\"accordcross\">+<\/div>\n          <div class=\"accordtitle\" data-ix=\"accordiondd\">What is a solidarity levy?<\/div>\n          <div class=\"accordcontent w-richtext\">\n            <p><div class=\"accordtitle\" data-ix=\"accordiondd\">Solidarity levies are coordinated but nationally administered taxes, earmarked for global public goods such as climate mitigation and adaptation.<\/div>\n<div class=\"accordcontent w-richtext\">\n<p>Unlike global tax proposals, solidarity levies function within the framework of national sovereignty. Revenues are collected domestically but earmarked for shared international goals. They thus offer a middle ground between voluntary aid and binding regulatory frameworks, allowing coalitions of willing countries to take the lead with actionable redistributive mechanisms.<\/p>\n<p>Bien que les pr\u00e9l\u00e8vements de solidarit\u00e9 existants aient d\u00e9montr\u00e9 la faisabilit\u00e9 de cette approche, ils restent limit\u00e9s en ampleur et en participation. Le Groupe de travail sur les pr\u00e9l\u00e8vements mondiaux de solidarit\u00e9 appelle \u00e0 une plus grande collaboration internationale pour \u00e9tablir des pr\u00e9l\u00e8vements de solidarit\u00e9 plus substantiels et largement soutenus.<\/p>\n<p><a href=\"https:\/\/solidaritylevies.org\/fr\/what-is-a-solidarity-levy\/\">Read more\u00a0<\/a><\/p>\n<\/div>\n<\/p>\n          <\/div>\n        <\/div>\n                  <div class=\"accordwrapper\">\n          <div class=\"accordcross\">+<\/div>\n          <div class=\"accordtitle\" data-ix=\"accordiondd\">Pourquoi des taxes mondiales sur le climat et le d\u00e9veloppement sont-elles n\u00e9cessaires ?<\/div>\n          <div class=\"accordcontent w-richtext\">\n            <p><div class=\"accordwrapper\">\n<div class=\"accordcontent w-richtext\">\n<p>D'ici 2030, les pays en d\u00e9veloppement, \u00e0 l'exclusion de la Chine, doivent mobiliser $2,4 billions USD de recettes publiques chaque ann\u00e9e pour s'assurer qu'ils restent sur la bonne voie pour atteindre les objectifs de l'Accord de Paris. La mise en \u0153uvre de pr\u00e9l\u00e8vements mondiaux constituerait une source de revenus durable et pr\u00e9visible pour soutenir leur transition, et c'est pourquoi cette initiative peut jouer un r\u00f4le crucial dans une transition juste vers le z\u00e9ro net.<\/p>\n<\/div>\n<\/div>\n<\/p>\n          <\/div>\n        <\/div>\n                  <div class=\"accordwrapper\">\n          <div class=\"accordcross\">+<\/div>\n          <div class=\"accordtitle\" data-ix=\"accordiondd\">Qu'est-ce que la Task Force sur la fiscalit\u00e9 solidaire internationale: Pour les Peuples et la Plan\u00e8te ?<\/div>\n          <div class=\"accordcontent w-richtext\">\n            <p><div class=\"accordwrapper\">\n<div class=\"accordcontent w-richtext\">\n<p>Le groupe de travail sur les contributions de solidarit\u00e9 mondiale : Pour les peuples et la plan\u00e8te est une plateforme permettant \u00e0 des coalitions de pays de se r\u00e9unir pour \u00e9tudier comment mettre en \u0153uvre des pr\u00e9l\u00e8vements de solidarit\u00e9 progressifs afin de g\u00e9n\u00e9rer de nouvelles sources de financement pour le climat et le d\u00e9veloppement, dont on a besoin de toute urgence.<\/p>\n<p>La Force op\u00e9rationnelle se compose de pays copr\u00e9sidents (Barbade, Kenya, France), d'un groupe d'experts de haut niveau, de repr\u00e9sentants d'organisations partenaires cl\u00e9s et d'un secr\u00e9tariat.<\/p>\n<\/div>\n<\/div>\n<\/p>\n          <\/div>\n        <\/div>\n                  <div class=\"accordwrapper\">\n          <div class=\"accordcross\">+<\/div>\n          <div class=\"accordtitle\" data-ix=\"accordiondd\">Quels sont les pays et les organisations concern\u00e9s ?<\/div>\n          <div class=\"accordcontent w-richtext\">\n            <p><div class=\"accordwrapper\">\n<ul>\n<li class=\"accordtitle\" data-ix=\"accordiondd\">Co-pr\u00e9sidents du Groupe de travail : Barbade, France et Kenya<\/li>\n<li class=\"accordtitle\" data-ix=\"accordiondd\">Membres du Groupe de travail : Antigua-et-Barbuda, Colombie, Danemark, Djibouti, Fidji, \u00celes Marshall, S\u00e9n\u00e9gal, Sierra Leone, Somalie, Espagne et Zambie<\/li>\n<li data-ix=\"accordiondd\">Membres de la Coalition de solidarit\u00e9 des compagnies a\u00e9riennes Premium : France, Kenya, Espagne, B\u00e9nin, Djibouti, Nig\u00e9ria, Soudan du Sud, Sierra Leone et Somalie.<\/li>\n<li class=\"accordtitle\" data-ix=\"accordiondd\">Principales organisations partenaires : le FMI, la Banque mondiale, les Nations unies, la CNUCED, l'OCDE, le G20, le G24, la Commission europ\u00e9enne, l'Union africaine, Unitaid, la coalition Under2, la coalition des ministres des finances, etc.<\/li>\n<\/ul>\n<div class=\"accordcontent w-richtext\">\n<p>&nbsp;<\/p>\n<\/div>\n<\/div>\n<div class=\"accordwrapper\"><\/div>\n<div class=\"accordwrapper\">\n<div class=\"accordcontent w-richtext\">\n<p>&nbsp;<\/p>\n<\/div>\n<\/div>\n<\/p>\n          <\/div>\n        <\/div>\n                  <div class=\"accordwrapper\">\n          <div class=\"accordcross\">+<\/div>\n          <div class=\"accordtitle\" data-ix=\"accordiondd\">Comment les membres de la coalition sont-ils choisis ?<\/div>\n          <div class=\"accordcontent w-richtext\">\n            <p><p>Il n'y a pas de crit\u00e8res sp\u00e9cifiques pour rejoindre la Task Force. Tous les pays qui soutiennent la mission de la Task Force sont invit\u00e9s \u00e0 rejoindre la Coalition pour les contributions de solidarit\u00e9, ainsi que les gouvernements infranationaux ayant une autonomie fiscale. Les pays qui rejoignent doivent seulement d\u00e9montrer qu'ils sont politiquement dispos\u00e9s \u00e0 soutenir une ou plusieurs des options de pr\u00e9l\u00e8vement mises sur la table, et soutenir l'agenda mondial des contributions de solidarit\u00e9.<\/p>\n<\/p>\n          <\/div>\n        <\/div>\n                  <div class=\"accordwrapper\">\n          <div class=\"accordcross\">+<\/div>\n          <div class=\"accordtitle\" data-ix=\"accordiondd\">Quand la Task Force a-t-elle \u00e9t\u00e9 lanc\u00e9e ?<\/div>\n          <div class=\"accordcontent w-richtext\">\n            <p><div class=\"accordwrapper\">\n<div class=\"accordcross\">La Force op\u00e9rationnelle a \u00e9t\u00e9 officiellement lanc\u00e9e lors de la COP28 \u00e0 Duba\u00ef en 2023 par la Barbade, la France et le Kenya.<\/div>\n<\/div>\n<\/p>\n          <\/div>\n        <\/div>\n                  <div class=\"accordwrapper\">\n          <div class=\"accordcross\">+<\/div>\n          <div class=\"accordtitle\" data-ix=\"accordiondd\">Pourquoi maintenant ?<\/div>\n          <div class=\"accordcontent w-richtext\">\n            <p><div class=\"accordwrapper\">\n<div class=\"accordcross\">Nous devons veiller \u00e0 ce que notre syst\u00e8me financier mondial refl\u00e8te mieux les besoins actuels de la soci\u00e9t\u00e9, plut\u00f4t que ceux qui sont ancr\u00e9s dans le milieu du 20e si\u00e8cle, lorsqu'il a \u00e9t\u00e9 cr\u00e9\u00e9. De nombreuses industries tr\u00e8s polluantes ont \u00e9t\u00e9 historiquement prot\u00e9g\u00e9es des pr\u00e9l\u00e8vements et des taxes et n'ont pas pay\u00e9 leur part dans notre travail collectif de transition vers une \u00e9conomie nette z\u00e9ro. Nous leur donnons les moyens et la possibilit\u00e9 de le faire.<\/div>\n<div class=\"accordcontent w-richtext\">\n<p>&nbsp;<\/p>\n<\/div>\n<\/div>\n<div class=\"accordwrapper\"><\/div>\n<div class=\"accordwrapper\">\n<div class=\"accordcontent w-richtext\">\n<p>&nbsp;<\/p>\n<\/div>\n<\/div>\n<\/p>\n          <\/div>\n        <\/div>\n                  <div class=\"accordwrapper\">\n          <div class=\"accordcross\">+<\/div>\n          <div class=\"accordtitle\" data-ix=\"accordiondd\">Quel est l'objectif du groupe de travail ?<\/div>\n          <div class=\"accordcontent w-richtext\">\n            <p><div class=\"accordwrapper\">\n<div class=\"accordtitle\" data-ix=\"accordiondd\">Le Groupe de travail se concentrera sur la promotion de la volont\u00e9 politique et la cr\u00e9ation de coalitions de pays volontaires pour faire progresser diverses options de redevances de solidarit\u00e9 internationale, afin de financer l'action climatique et le d\u00e9veloppement.<\/div>\n<div class=\"accordcontent w-richtext\">\n<p>Il examinera les options qui ont le potentiel de mobiliser des financements \u00e0 grande \u00e9chelle tout en apportant plus de justice climatique et d'\u00e9quit\u00e9 \u00e0 notre syst\u00e8me financier actuel, en garantissant que les industries les plus polluantes (par exemple, l'extraction de combustibles fossiles, l'aviation, le transport maritime et les services financiers) et les personnes contribuent au financement de la lutte contre le changement climatique et les in\u00e9galit\u00e9s.<\/p>\n<\/div>\n<\/div>\n<\/p>\n          <\/div>\n        <\/div>\n                  <div class=\"accordwrapper\">\n          <div class=\"accordcross\">+<\/div>\n          <div class=\"accordtitle\" data-ix=\"accordiondd\">Quels sont les secteurs envisag\u00e9s pour les pr\u00e9l\u00e8vements de solidarit\u00e9 ?<\/div>\n          <div class=\"accordcontent w-richtext\">\n            <p><div class=\"accordwrapper\">\n<div>Les secteurs cibl\u00e9s comprennent les principaux contributeurs aux \u00e9missions de gaz \u00e0 effet de serre, tels que la production de p\u00e9trole et de gaz, les industries lourdes, l'aviation, le transport maritime, le minage de cryptomonnaies, ainsi que le secteur financier.<\/div>\n<\/div>\n<\/p>\n          <\/div>\n        <\/div>\n                  <div class=\"accordwrapper\">\n          <div class=\"accordcross\">+<\/div>\n          <div class=\"accordtitle\" data-ix=\"accordiondd\">Quelles sont les sources de revenus potentielles qui pourraient \u00eatre g\u00e9n\u00e9r\u00e9es par chacun des pr\u00e9l\u00e8vements de solidarit\u00e9 ?<\/div>\n          <div class=\"accordcontent w-richtext\">\n            <p><div class=\"accordtitle\" data-ix=\"accordiondd\">Les recettes potentielles seront examin\u00e9es en d\u00e9tail dans le cadre d'une phase de recherche et de consultation rigoureuse, et par le biais d'\u00e9tudes d'impact sp\u00e9cifiques pour chaque option de pr\u00e9l\u00e8vement.<\/div>\n<div class=\"accordcontent w-richtext\">\n<p>Les \u00e9tudes existantes ont montr\u00e9 que les pr\u00e9l\u00e8vements pouvaient g\u00e9n\u00e9rer :<\/p>\n<ul>\n<li aria-level=\"1\">Transactions financi\u00e8res : un pr\u00e9l\u00e8vement de 0,1% sur les transactions d'actions et d'obligations pourrait permettre d'atteindre les objectifs suivants\u00a0<b>jusqu'\u00e0 $418 milliards par an<\/b>\u00a0au niveau mondial\u00a0<b>(<\/b><a href=\"https:\/\/papers.ssrn.com\/sol3\/papers.cfm?abstract_id=3407855\"><b>\u00c9tude WIFO 2019<\/b><\/a><b>).\u00a0<\/b><\/li>\n<li aria-level=\"1\">Taxe sur l'aviation : une taxe sur l'aviation pourrait rapporter jusqu'\u00e0\u00a0<b>$150 milliards d'euros par an\u00a0<\/b>\u00e0 l'\u00e9chelle mondiale\u00a0<b>(<\/b><a href=\"https:\/\/caneurope.org\/content\/uploads\/2023\/10\/Public-sources-climate-finance-loss-and-damage.pdf\"><b>CAN-Europe 2023<\/b><\/a><b>).<\/b><\/li>\n<li aria-level=\"1\">Taxe sur le transport maritime : une taxe de $150\/tonne de C02 permettrait de r\u00e9colter\u00a0<b>jusqu'\u00e0 $80bn pour une ann\u00e9e (<\/b><a href=\"https:\/\/www.iddri.org\/sites\/default\/files\/PDF\/Publications\/Catalogue%20Iddri\/Autre%20Publication\/202306-Note-shipping%20levy.pdf\"><b>IDDRI 2023<\/b><\/a><b>\u00a0et l'une des propositions officielles).<\/b><\/li>\n<li aria-level=\"1\">Taxe sur les b\u00e9n\u00e9fices exceptionnels des entreprises de combustibles fossiles :\n<ul>\n<li aria-level=\"2\">Une taxe sur l'extraction des combustibles fossiles de $5\/tonne de C02 permettrait de collecter\u00a0<b>$210 milliards d'euros par an\u00a0<\/b>atteignant une moyenne de $300 milliards par an d'ici 2050 \u2013 en supposant une r\u00e9duction significative de la demande et une augmentation du taux de $10 par tonne annuellement pour atteindre $250 par tonne d'ici 2050\u00a0<b>(<\/b><a href=\"https:\/\/www.stampoutpoverty.org\/live2019\/wp-content\/uploads\/2019\/06\/CDT_guide_web23.pdf\"><b>Stamp Out Poverty 2023<\/b><\/a><b>).<\/b><\/li>\n<li aria-level=\"2\">Un pr\u00e9l\u00e8vement sur les b\u00e9n\u00e9fices exceptionnels de 10% aurait permis de collecter\u00a0<b>$300 milliards d'euros en 2022,\u00a0<\/b>le revenu net des producteurs de combustibles fossiles en 2022 s'\u00e9levait \u00e0 $4 trillions, soit un b\u00e9n\u00e9fice inattendu de $3 trillions \u00e0 l'\u00e9chelle mondiale.\u00a0<b>(<\/b><a href=\"https:\/\/iea.blob.core.windows.net\/assets\/54a781e5-05ab-4d43-bb7f-752c27495680\/WorldEnergyInvestment2023.pdf\"><b>Investissements mondiaux dans le secteur de l'\u00e9nergie en 2023<\/b><\/a><b>).<\/b><\/li>\n<\/ul>\n<\/li>\n<\/ul>\n<\/div>\n<\/p>\n          <\/div>\n        <\/div>\n                  <div class=\"accordwrapper\">\n          <div class=\"accordcross\">+<\/div>\n          <div class=\"accordtitle\" data-ix=\"accordiondd\">Ces pr\u00e9l\u00e8vements augmenteront-ils le co\u00fbt des factures des m\u00e9nages ?<\/div>\n          <div class=\"accordcontent w-richtext\">\n            <p><div class=\"accordwrapper\">\n<div class=\"accordcross\">Nos pr\u00e9l\u00e8vements de solidarit\u00e9 n'augmenteront pas le co\u00fbt de la vie pour les citoyens ordinaires et n'auront pas d'incidence sur des \u00e9l\u00e9ments tels que les factures des m\u00e9nages. Cela irait \u00e0 l'encontre de notre objectif, qui est de soutenir ceux qui sont les premiers et les plus impact\u00e9s par les effets du changement climatique, \u00e0 savoir les m\u00e9nages ordinaires. Nous veillerons plut\u00f4t \u00e0 ce que les pollueurs majoritaires contribuent davantage afin de lutter contre le changement climatique, qui est un d\u00e9fi mondial.<\/div>\n<\/div>\n<\/p>\n          <\/div>\n        <\/div>\n                  <div class=\"accordwrapper\">\n          <div class=\"accordcross\">+<\/div>\n          <div class=\"accordtitle\" data-ix=\"accordiondd\">Des initiatives similaires ont-elles \u00e9t\u00e9 tent\u00e9es auparavant et ont-elles \u00e9t\u00e9 r\u00e9ussies ?<\/div>\n          <div class=\"accordcontent w-richtext\">\n            <p><div class=\"accordwrapper\">\n<div class=\"accordcross\">Nous ne r\u00e9inventons pas la roue et il existe des pr\u00e9c\u00e9dents \u00e0 notre travail. Par exemple, la taxe a\u00e9rienne d'Unitaid, dont les pays du monde entier (Mali, Maurice, Chili, Br\u00e9sil, Cor\u00e9e et France) utilisent les recettes pour combler une lacune particuli\u00e8re dans les d\u00e9penses de sant\u00e9 mondiales (financer un m\u00e9canisme de contr\u00f4le des prix des m\u00e9dicaments). En moyenne, les pays \u00e0 faible revenu qui participent \u00e0 ce syst\u00e8me de pr\u00e9l\u00e8vement sur les compagnies a\u00e9riennes re\u00e7oivent dix fois plus que ce qu'ils y versent. C'est pourquoi de nombreuses ONG et groupes de r\u00e9flexion qui soutiennent le V20 et l'initiative de Bridgetown soutiennent \u00e9galement le groupe de travail sur les taxes de solidarit\u00e9 mondiale : Pour les gens et la plan\u00e8te.<\/div>\n<\/div>\n<\/p>\n          <\/div>\n        <\/div>\n                  <div class=\"accordwrapper\">\n          <div class=\"accordcross\">+<\/div>\n          <div class=\"accordtitle\" data-ix=\"accordiondd\">Comment la Groupe de travail soutient-il d'autres discussions fiscales mondiales, comme celles men\u00e9es \u00e0 l'ONU, au G20, \u00e0 l'OCDE et \u00e0 l'OMI ?<\/div>\n          <div class=\"accordcontent w-richtext\">\n            <p><div class=\"accordwrapper\">\n<div class=\"accordcross\">La Force op\u00e9rationnelle souhaite vivement s'assurer que tous ses travaux soient compl\u00e9mentaires \u00e0 d'autres initiatives existantes telles que la Convention fiscale des Nations Unies, les r\u00e9formes de la politique fiscale de l'OCDE, les discussions sur la taxe sur le transport maritime de l'OMI et les discussions sur la taxe sur le patrimoine du G20.<\/div>\n<div class=\"accordcontent w-richtext\">\n<p>Les copr\u00e9sidents et les membres de la Coalition pour les taxes de solidarit\u00e9 soutiennent tous l'id\u00e9e de taxes progressives pour collecter des fonds pour le climat et le d\u00e9veloppement. Nous pensons qu'en permettant \u00e0 des coalitions de pays volontaires d'\u00eatre les premiers \u00e0 proposer ces options, nous pourrons collecter les revenus dont nous avons un besoin urgent dans un d\u00e9lai plus court, tout en jetant les bases et en cr\u00e9ant une dynamique pour le succ\u00e8s d'autres initiatives et l'augmentation des pr\u00e9l\u00e8vements de solidarit\u00e9 que nous proposerons.<\/p>\n<p>&nbsp;<\/p>\n<\/div>\n<\/div>\n<div class=\"accordwrapper\"><\/div>\n<div class=\"accordwrapper\">\n<div class=\"accordcontent w-richtext\">\n<p>&nbsp;<\/p>\n<\/div>\n<\/div>\n<\/p>\n          <\/div>\n        <\/div>\n                        <\/div>\n    <\/div>\n  <\/div>\n<\/div>\n\n\n<div class=\"section snavy\">\n  <div class=\"container\">\n    <div class=\"row\">\n            <div class=\"column  divide\">\n        <div class=\"w-richtext\">\n          <h2>Nous contacter<\/h2>\n          <p><p>Contactez-nous pour toute requ\u00eate presse et media ou toute autre question.<\/p>\n<\/p>\n        <\/div>\n                                                            <a href=\"https:\/\/solidaritylevies.org\/fr\/contact\/\" class=\"button w-button\">Contactez nous<\/a>\n                                                  <\/div>\n                                  <div class=\"column\">\n            <div class=\"w-richtext\">\n              <h2>Restez inform\u00e9<\/h2>\n              <p><p>Inscrivez-vous \u00e0 notre lettre d'information pour \u00eatre tenu au courant des derni\u00e8res nouvelles du groupe de travail sur les taxes de solidarit\u00e9 mondiale.<\/p>\n<div id=\"mc_embed_shell\">\n<div id=\"mc_embed_signup\">\n<form id=\"mc-embedded-subscribe-form\" class=\"validate\" action=\"https:\/\/europeanclimate.us17.list-manage.com\/subscribe\/post?u=3d3e81548b7933c033b32f018&#038;id=1b90b76516&#038;f_id=00fac2e1f0\" method=\"post\" name=\"mc-embedded-subscribe-form\" novalidate=\"\" target=\"_self\" data-trp-original-action=\"https:\/\/europeanclimate.us17.list-manage.com\/subscribe\/post?u=3d3e81548b7933c033b32f018&amp;id=1b90b76516&amp;f_id=00fac2e1f0\">\n<div id=\"mc_embed_signup_scroll\">\n<div class=\"indicates-required\"><\/div>\n<div class=\"mc-field-group\"><label for=\"mce-EMAIL\">Votre Email <span class=\"asterisk\">*<\/span><\/label><input id=\"mce-EMAIL\" class=\"required email\" style=\"color: black;\" name=\"EMAIL\" required=\"\" type=\"email\" value=\"\" \/><\/div>\n<div hidden=\"\"><input name=\"tags\" type=\"hidden\" value=\"55\" \/><\/div>\n<div id=\"mce-responses\" class=\"clear\">\n<div id=\"mce-error-response\" class=\"response\" style=\"display: none;\"><\/div>\n<div id=\"mce-success-response\" class=\"response\" style=\"display: none;\"><\/div>\n<\/div>\n<div style=\"position: absolute; left: -5000px;\" aria-hidden=\"true\"><input tabindex=\"-1\" name=\"b_3d3e81548b7933c033b32f018_1b90b76516\" type=\"text\" value=\"\" \/><\/div>\n<div class=\"clear\"><input id=\"mc-embedded-subscribe\" class=\"button\" name=\"subscribe\" type=\"submit\" value=\"S&#039;abonner\" \/><\/div>\n<\/div>\n<input type=\"hidden\" name=\"trp-form-language\" value=\"fr\"\/><\/form>\n<\/div>\n<\/div>\n<\/p>\n            <\/div>\n                                                                                                                <\/div>\n                     <\/div>\n  <\/div>\n<\/div>","protected":false},"excerpt":{"rendered":"","protected":false},"author":23,"featured_media":0,"parent":10,"menu_order":0,"comment_status":"closed","ping_status":"closed","template":"","meta":{"_acf_changed":false,"footnotes":""},"acf":[],"yoast_head":"<!-- This site is optimized with the Yoast SEO plugin v22.7 - https:\/\/yoast.com\/wordpress\/plugins\/seo\/ -->\n<title>About Us | Global Solidarity Levies Task Force<\/title>\n<meta name=\"description\" content=\"The Global Solidarity Levies Task Force brings together countries from around the world to advance options for international levelies that will raise much needed revenue for the fight against climate change, and to support development and nature.\" \/>\n<meta name=\"robots\" content=\"index, follow, max-snippet:-1, max-image-preview:large, max-video-preview:-1\" \/>\n<link rel=\"canonical\" href=\"https:\/\/solidaritylevies.org\/fr\/about-2\/about-us\/\" \/>\n<meta property=\"og:locale\" content=\"fr_FR\" \/>\n<meta property=\"og:type\" content=\"article\" \/>\n<meta property=\"og:title\" content=\"About Us | Global Solidarity Levies Task Force\" \/>\n<meta property=\"og:description\" content=\"The Global Solidarity Levies Task Force brings together countries from around the world to advance options for international levelies that will raise much needed revenue for the fight against climate change, and to support development and nature.\" \/>\n<meta property=\"og:url\" content=\"https:\/\/solidaritylevies.org\/fr\/about-2\/about-us\/\" \/>\n<meta property=\"og:site_name\" content=\"Global Solidarity Levies Task Force\" \/>\n<meta property=\"article:modified_time\" content=\"2026-04-29T13:42:51+00:00\" \/>\n<meta property=\"og:image\" content=\"https:\/\/solidaritylevies.org\/app\/uploads\/2024\/06\/Global-Solidarity-Levies-Task-Force-Meta-Image-1-scaled.jpg\" \/>\n\t<meta property=\"og:image:width\" content=\"2560\" \/>\n\t<meta property=\"og:image:height\" content=\"1343\" \/>\n\t<meta property=\"og:image:type\" content=\"image\/jpeg\" \/>\n<meta name=\"twitter:card\" content=\"summary_large_image\" \/>\n<meta name=\"twitter:site\" content=\"@gsltaskforce\" \/>\n<script type=\"application\/ld+json\" class=\"yoast-schema-graph\">{\"@context\":\"https:\/\/schema.org\",\"@graph\":[{\"@type\":\"WebPage\",\"@id\":\"https:\/\/solidaritylevies.org\/about-2\/about-us\/\",\"url\":\"https:\/\/solidaritylevies.org\/about-2\/about-us\/\",\"name\":\"About Us | Global Solidarity Levies Task Force\",\"isPartOf\":{\"@id\":\"https:\/\/solidaritylevies.org\/#website\"},\"datePublished\":\"2026-02-27T14:50:16+00:00\",\"dateModified\":\"2026-04-29T13:42:51+00:00\",\"description\":\"The Global Solidarity Levies Task Force brings together countries from around the world to advance options for international levelies that will raise much needed revenue for the fight against climate change, and to support development and nature.\",\"breadcrumb\":{\"@id\":\"https:\/\/solidaritylevies.org\/about-2\/about-us\/#breadcrumb\"},\"inLanguage\":\"fr-FR\",\"potentialAction\":[{\"@type\":\"ReadAction\",\"target\":[\"https:\/\/solidaritylevies.org\/about-2\/about-us\/\"]}]},{\"@type\":\"BreadcrumbList\",\"@id\":\"https:\/\/solidaritylevies.org\/about-2\/about-us\/#breadcrumb\",\"itemListElement\":[{\"@type\":\"ListItem\",\"position\":1,\"name\":\"Home\",\"item\":\"https:\/\/solidaritylevies.org\/\"},{\"@type\":\"ListItem\",\"position\":2,\"name\":\"About\",\"item\":\"https:\/\/solidaritylevies.org\/?page_id=10\"},{\"@type\":\"ListItem\",\"position\":3,\"name\":\"About Us\"}]},{\"@type\":\"WebSite\",\"@id\":\"https:\/\/solidaritylevies.org\/#website\",\"url\":\"https:\/\/solidaritylevies.org\/\",\"name\":\"Global Solidarity Levies Task Force\",\"description\":\"For People and the Planet\",\"publisher\":{\"@id\":\"https:\/\/solidaritylevies.org\/#organization\"},\"alternateName\":\"GSLTF\",\"potentialAction\":[{\"@type\":\"SearchAction\",\"target\":{\"@type\":\"EntryPoint\",\"urlTemplate\":\"https:\/\/solidaritylevies.org\/?s={search_term_string}\"},\"query-input\":\"required name=search_term_string\"}],\"inLanguage\":\"fr-FR\"},{\"@type\":\"Organization\",\"@id\":\"https:\/\/solidaritylevies.org\/#organization\",\"name\":\"Global Solidarity Levies Task Force\",\"alternateName\":\"GSLTF\",\"url\":\"https:\/\/solidaritylevies.org\/\",\"logo\":{\"@type\":\"ImageObject\",\"inLanguage\":\"fr-FR\",\"@id\":\"https:\/\/solidaritylevies.org\/#\/schema\/logo\/image\/\",\"url\":\"https:\/\/globalsolidaritylevies.org\/app\/uploads\/2024\/06\/cropped-6627a8ba3085d54b8fd46ff9_Circle-p-1080.png\",\"contentUrl\":\"https:\/\/globalsolidaritylevies.org\/app\/uploads\/2024\/06\/cropped-6627a8ba3085d54b8fd46ff9_Circle-p-1080.png\",\"width\":512,\"height\":512,\"caption\":\"Global Solidarity Levies Task Force\"},\"image\":{\"@id\":\"https:\/\/solidaritylevies.org\/#\/schema\/logo\/image\/\"},\"sameAs\":[\"https:\/\/x.com\/gsltaskforce\",\"https:\/\/www.linkedin.com\/company\/global-solidarity-levies-task-force\/\"]}]}<\/script>\n<!-- \/ Yoast SEO plugin. -->","yoast_head_json":{"title":"About Us | Global Solidarity Levies Task Force","description":"The Global Solidarity Levies Task Force brings together countries from around the world to advance options for international levelies that will raise much needed revenue for the fight against climate change, and to support development and nature.","robots":{"index":"index","follow":"follow","max-snippet":"max-snippet:-1","max-image-preview":"max-image-preview:large","max-video-preview":"max-video-preview:-1"},"canonical":"https:\/\/solidaritylevies.org\/fr\/about-2\/about-us\/","og_locale":"fr_FR","og_type":"article","og_title":"About Us | Global Solidarity Levies Task Force","og_description":"The Global Solidarity Levies Task Force brings together countries from around the world to advance options for international levelies that will raise much needed revenue for the fight against climate change, and to support development and nature.","og_url":"https:\/\/solidaritylevies.org\/fr\/about-2\/about-us\/","og_site_name":"Global Solidarity Levies Task Force","article_modified_time":"2026-04-29T13:42:51+00:00","og_image":[{"width":2560,"height":1343,"url":"https:\/\/solidaritylevies.org\/app\/uploads\/2024\/06\/Global-Solidarity-Levies-Task-Force-Meta-Image-1-scaled.jpg","type":"image\/jpeg"}],"twitter_card":"summary_large_image","twitter_site":"@gsltaskforce","schema":{"@context":"https:\/\/schema.org","@graph":[{"@type":"WebPage","@id":"https:\/\/solidaritylevies.org\/about-2\/about-us\/","url":"https:\/\/solidaritylevies.org\/about-2\/about-us\/","name":"About Us | Global Solidarity Levies Task Force","isPartOf":{"@id":"https:\/\/solidaritylevies.org\/#website"},"datePublished":"2026-02-27T14:50:16+00:00","dateModified":"2026-04-29T13:42:51+00:00","description":"The Global Solidarity Levies Task Force brings together countries from around the world to advance options for international levelies that will raise much needed revenue for the fight against climate change, and to support development and nature.","breadcrumb":{"@id":"https:\/\/solidaritylevies.org\/about-2\/about-us\/#breadcrumb"},"inLanguage":"fr-FR","potentialAction":[{"@type":"ReadAction","target":["https:\/\/solidaritylevies.org\/about-2\/about-us\/"]}]},{"@type":"BreadcrumbList","@id":"https:\/\/solidaritylevies.org\/about-2\/about-us\/#breadcrumb","itemListElement":[{"@type":"ListItem","position":1,"name":"Home","item":"https:\/\/solidaritylevies.org\/"},{"@type":"ListItem","position":2,"name":"About","item":"https:\/\/solidaritylevies.org\/?page_id=10"},{"@type":"ListItem","position":3,"name":"About Us"}]},{"@type":"WebSite","@id":"https:\/\/solidaritylevies.org\/#website","url":"https:\/\/solidaritylevies.org\/","name":"Global Solidarity Levies Task Force","description":"For People and the Planet","publisher":{"@id":"https:\/\/solidaritylevies.org\/#organization"},"alternateName":"GSLTF","potentialAction":[{"@type":"SearchAction","target":{"@type":"EntryPoint","urlTemplate":"https:\/\/solidaritylevies.org\/?s={search_term_string}"},"query-input":"required name=search_term_string"}],"inLanguage":"fr-FR"},{"@type":"Organization","@id":"https:\/\/solidaritylevies.org\/#organization","name":"Global Solidarity Levies Task Force","alternateName":"GSLTF","url":"https:\/\/solidaritylevies.org\/","logo":{"@type":"ImageObject","inLanguage":"fr-FR","@id":"https:\/\/solidaritylevies.org\/#\/schema\/logo\/image\/","url":"https:\/\/globalsolidaritylevies.org\/app\/uploads\/2024\/06\/cropped-6627a8ba3085d54b8fd46ff9_Circle-p-1080.png","contentUrl":"https:\/\/globalsolidaritylevies.org\/app\/uploads\/2024\/06\/cropped-6627a8ba3085d54b8fd46ff9_Circle-p-1080.png","width":512,"height":512,"caption":"Global Solidarity Levies Task Force"},"image":{"@id":"https:\/\/solidaritylevies.org\/#\/schema\/logo\/image\/"},"sameAs":["https:\/\/x.com\/gsltaskforce","https:\/\/www.linkedin.com\/company\/global-solidarity-levies-task-force\/"]}]}},"_links":{"self":[{"href":"https:\/\/solidaritylevies.org\/fr\/wp-json\/wp\/v2\/pages\/2855"}],"collection":[{"href":"https:\/\/solidaritylevies.org\/fr\/wp-json\/wp\/v2\/pages"}],"about":[{"href":"https:\/\/solidaritylevies.org\/fr\/wp-json\/wp\/v2\/types\/page"}],"author":[{"embeddable":true,"href":"https:\/\/solidaritylevies.org\/fr\/wp-json\/wp\/v2\/users\/23"}],"replies":[{"embeddable":true,"href":"https:\/\/solidaritylevies.org\/fr\/wp-json\/wp\/v2\/comments?post=2855"}],"version-history":[{"count":70,"href":"https:\/\/solidaritylevies.org\/fr\/wp-json\/wp\/v2\/pages\/2855\/revisions"}],"predecessor-version":[{"id":3879,"href":"https:\/\/solidaritylevies.org\/fr\/wp-json\/wp\/v2\/pages\/2855\/revisions\/3879"}],"up":[{"embeddable":true,"href":"https:\/\/solidaritylevies.org\/fr\/wp-json\/wp\/v2\/pages\/10"}],"wp:attachment":[{"href":"https:\/\/solidaritylevies.org\/fr\/wp-json\/wp\/v2\/media?parent=2855"}],"curies":[{"name":"wp","href":"https:\/\/api.w.org\/{rel}","templated":true}]}}