{"id":2816,"date":"2026-02-27T14:15:35","date_gmt":"2026-02-27T14:15:35","guid":{"rendered":"https:\/\/solidaritylevies.org\/?page_id=2816"},"modified":"2026-04-29T16:59:23","modified_gmt":"2026-04-29T16:59:23","slug":"home-page","status":"publish","type":"page","link":"https:\/\/solidaritylevies.org\/fr\/home-page\/","title":{"rendered":"Home Page"},"content":{"rendered":"<div id=\"Hero\" class=\"hero\">\n  <img decoding=\"async\" src=\"https:\/\/solidaritylevies.org\/app\/uploads\/2026\/02\/alexey-marchenko-b8HSfIlni1c-unsplash-scaled.jpg\" alt=\"\" class=\"hero-image\">\n      <div class=\"container\">\n    <div class=\"row\">\n      <div class=\"column\">\n        <div class=\"w-richtext\">\n                   <h1>Building coalitions to advance solidarity levies on highly globalized and under-taxed sectors to fund climate and development goals. <\/h1>\n                            <\/div>\n                                                                              <\/div>\n    <\/div>\n  <\/div>\n<\/div>\n\n\n\n\n\n\n\n\n\n\n\n\n\n\n\n\n\n\n\n\n<div class=\"section slightblue\">\n  <div class=\"container\">\n    <div class=\"row  rcenter\">\n            <div class=\"column  divide\">\n        <div class=\"w-richtext\">\n          <h2><\/h2>\n          <p><p>&nbsp;<\/p>\n<p>&nbsp;<\/p>\n<p><iframe loading=\"lazy\" title=\"Le potentiel inexploit\u00e9 des contributions de solidarit\u00e9 : aper\u00e7u du rapport de la COP30\" width=\"500\" height=\"281\" src=\"https:\/\/www.youtube.com\/embed\/KA56OiZUiQE?start=2&#038;feature=oembed\" frameborder=\"0\" allow=\"accelerometer; autoplay; clipboard-write; encrypted-media; gyroscope; picture-in-picture; web-share\" referrerpolicy=\"strict-origin-when-cross-origin\" allowfullscreen><\/iframe><\/p>\n<\/p>\n        <\/div>\n                                                                                <\/div>\n                                  <div class=\"column\">\n            <div class=\"w-richtext\">\n              <h2><\/h2>\n              <p><h3><span style=\"font-weight: 400;\">The development and climate finance gap is widening. <\/span><\/h3>\n<h5><span style=\"font-weight: 400;\">International public finance for <\/span><span style=\"font-weight: 400;\">development and climate is not increasing enough, or even decreasing and many countries are suffering from debt distress.<\/span><\/h5>\n<h5><span style=\"font-weight: 400;\">Levies have the potential to mobilize additional, debt-free financing, while also improving tax justice and creating more stable and predictable sources of funding for global challenges.\u00a0<\/span><\/h5>\n<h5><span style=\"font-weight: 400;\">The Task Force is looking into progressive levies which have been tried and tested, focusing on undertaxed sectors which are often heavy polluters. The levies can be implemented by a coalition of the willing without requiring global agreement.\u00a0<\/span><\/h5>\n<\/p>\n            <\/div>\n                                                                                <a href=\"https:\/\/solidaritylevies.org\/fr\/about\/about-us\/\" class=\"button w-button\">ABOUT US <\/a>\n                                                                                                      <a href=\"https:\/\/solidaritylevies.org\/fr\/policy-resources\/\" class=\"button w-button\">OUR WORK <\/a>\n                                                                      <\/div>\n                     <\/div>\n  <\/div>\n<\/div>\n\n\n\n<div class=\"section sgrey\">\n  <div class=\"container\">\n    <div class=\"row\">\n      <div class=\"column\">\n        <div class=\"w-richtext\">\n          <h3>Derni\u00e8res actualit\u00e9s <\/h3>\n        <\/div>\n      <\/div>\n      <div class=\"column\"><\/div>\n    <\/div>\n    \n        <div class=\"cardrow\">\n            <a href=\"https:\/\/solidaritylevies.org\/fr\/preview-impact-of-premium-flyer-levies-in-sids-and-ldcs\/\" class=\"card-interative w-inline-block\">\n                <img decoding=\"async\" src=\"https:\/\/solidaritylevies.org\/app\/uploads\/2025\/11\/goya-studio-pyHeHxogLmg-unsplash-1024x575.jpg\" loading=\"lazy\" alt=\"Preview: Impact of Premium Flyer Levies in SIDS and LDCs\" class=\"image\">\n                <div class=\"cardtext\">\n          <div class=\"card-sub-text\">20\/11\/25<br><br>RAPPORT<\/div>\n          <div class=\"cardtitle\">Avant-premi\u00e8re : Impact des taxes sur les billets d'avion \u00e0 primes dans les PEID et les PMA<\/div>\n          <div><\/div>\n        <\/div>\n      <\/a>\n            <a href=\"https:\/\/solidaritylevies.org\/fr\/cop30\/\" class=\"card-interative w-inline-block\">\n                <img decoding=\"async\" src=\"https:\/\/solidaritylevies.org\/app\/uploads\/2025\/11\/vicente-ramos-v2IZkCKw-y4-unsplash-2-1024x558.jpg\" loading=\"lazy\" alt=\"COP30 High-Level Event on Solidarity Levies\" class=\"image\">\n                <div class=\"cardtext\">\n          <div class=\"card-sub-text\">15\/11\/25<br><br>COMMUNIQU\u00c9 DE PRESSE<\/div>\n          <div class=\"cardtitle\">\u00c9v\u00e9nement de haut niveau de la COP30 sur les contributions de solidarit\u00e9<\/div>\n          <div><\/div>\n        <\/div>\n      <\/a>\n            <a href=\"https:\/\/solidaritylevies.org\/fr\/levies-on-premium-flyers-legal-handbook\/\" class=\"card-interative w-inline-block\">\n                <img decoding=\"async\" src=\"https:\/\/solidaritylevies.org\/app\/uploads\/2025\/11\/handbook-e1771508454472.png\" loading=\"lazy\" alt=\"Levies on Premium Flyers Legal Handbook\" class=\"image\">\n                <div class=\"cardtext\">\n          <div class=\"card-sub-text\">05\/11\/25<br><br>RESSOURCES<\/div>\n          <div class=\"cardtitle\">Pr\u00e9l\u00e8vements sur les avions \u00e0 primes Manuel juridique<\/div>\n          <div><\/div>\n        <\/div>\n      <\/a>\n          <\/div>\n        \n        <div class=\"row\">\n      <div class=\"column\">\n        <a href=\"https:\/\/solidaritylevies.org\/fr\/latest\/\" class=\"button w-button\" \n           >\n          READ MORE\n        <\/a>\n      <\/div>\n      <div class=\"column\"><\/div>\n    <\/div>\n      <\/div>\n<\/div>\n\n\n<div class=\"section snavy\">\n  <div class=\"container\">\n    <div class=\"row\">\n      <div class=\"column\">\n                  <img decoding=\"async\" src=\"https:\/\/solidaritylevies.org\/app\/uploads\/2026\/03\/New-Website-Mapping-1.png\" loading=\"lazy\"  alt=\"\" class=\"column-image\">\n                                <\/div>\n\n      <div class=\"column\">\n                          <div class=\"w-richtext\"><h3 style=\"text-align: left;\"><span style=\"font-weight: 400;\">Our Members<\/span><\/h3>\n<h5 style=\"text-align: left;\"><span style=\"font-weight: 400;\">The Global Solidarity Levies Task Force: For People and the Planet was launched at COP28 in November 2023, by co-chair countries Barbados, France and Kenya.\u00a0<\/span><\/h5>\n<h5 style=\"text-align: left;\"><span style=\"font-weight: 400;\">The Task Force also consists of Antigua &amp; Barbuda, Colombia, Denmark, Djibouti, Fiji, Marshall Islands, Senegal, Sierra Leone, Somalia, Spain, and Zambia.<\/span><\/h5>\n<h5 style=\"text-align: left;\"><span style=\"font-weight: 400;\">At COP30, the Task Force announced the first coalition of the willing for solidarity levies focused on premium aviation. The Coalition consists of Benin, Djibouti, France, Kenya, Nigeria, Sierra Leone, Somalia, South Sudan, and Spain, <\/span><span style=\"font-weight: 400;\">with Antigua and Barbuda, Fiji, Brazil and Vanuatu as observers.\u00a0<\/span><\/h5>\n<\/div>\n                                                                                              <a href=\"https:\/\/solidaritylevies.org\/fr\/draft-who-we-are-sophie-and-catherine\/\" target=\"\" class=\"button w-button\">WHO WE ARE<\/a>\n                                                        <\/div>\n  <\/div>\n<\/div>\n<\/div>\n\n\n<div class=\"section sforestgreen\">\n  <div data-delay=\"4000\" data-animation=\"slide\" class=\"slider w-slider\" data-autoplay=\"false\" data-easing=\"ease\" data-hide-arrows=\"false\" data-disable-swipe=\"false\" data-autoplay-limit=\"0\" data-nav-spacing=\"3\" data-duration=\"500\" data-infinite=\"true\">\n    <div class=\"mask w-slider-mask\">\n                        <div class=\"slide w-slide\">\n            <div class=\"container\">\n              <div class=\"row rcenter\">\n                                \n                                  \n                  <div class=\"column\">\n                                          <img decoding=\"async\" src=\"https:\/\/solidaritylevies.org\/app\/uploads\/2026\/03\/PM-MiaMottley-OFFICIAL-4X5-819x1024-1-e1772712435848.webp\" \n                           alt=\"\" \n                           class=\"column-image\"\n                           loading=\"lazy\"\n                           sizes=\"(max-width: 5464px) 100vw, 5464px\"\n                                                        srcset=\"https:\/\/solidaritylevies.org\/app\/uploads\/2026\/03\/PM-MiaMottley-OFFICIAL-4X5-819x1024-1-e1772712435848-300x215.webp 500w, https:\/\/solidaritylevies.org\/app\/uploads\/2026\/03\/PM-MiaMottley-OFFICIAL-4X5-819x1024-1-e1772712435848.webp 800w, https:\/\/solidaritylevies.org\/app\/uploads\/2026\/03\/PM-MiaMottley-OFFICIAL-4X5-819x1024-1-e1772712435848.webp 1080w\"\n                           >\n                                      <\/div>\n                  <div class=\"column\">\n                                        \n                                          <div class=\"w-richtext\">\n                        <blockquote>\n<h6><em><span style=\"font-weight: 400;\">&#8220;The polluter pays principle has guided us thus far: if you have contributed to the problem, you should contribute to the solution. We know that levies on shipping, aviation and fossil fuel extraction could raise a combined $350bn a year. A 0.1% levy on all stock and bond trades could raise $418bn a year. <\/span><\/em><em><span style=\"font-weight: 400;\">These decisions are not beyond us.&#8221;<\/span><\/em><\/h6>\n<\/blockquote>\n<h4>&#8211; Prime Minister of Barbados, Mia Mottley<\/h4>\n<p>&nbsp;<\/p>\n<h5><\/h5>\n\n                      <\/div>\n                                        \n                                      <\/div>\n                              <\/div>\n            <\/div>\n          <\/div>\n                  <div class=\"slide w-slide\">\n            <div class=\"container\">\n              <div class=\"row rcenter\">\n                                \n                                  \n                  <div class=\"column\">\n                                        \n                                          <div class=\"w-richtext\">\n                        <blockquote>\n<h6><em><span style=\"font-weight: 400;\">\u201cWhere we are not delivering is in terms of financing. The situation of many countries is worse in terms of debt sustainability. In order to go further, we have to mobilise global solidarity levies&#8230;We need those that benefited from globalisation to contribute more to financing. I urge all possible countries to join this international framework because it is absolutely key.&#8221;<\/span><\/em><\/h6>\n<\/blockquote>\n<p>&nbsp;<\/p>\n<h4>&#8211; President of France, Emmanuel Macron<\/h4>\n<h5><\/h5>\n\n                      <\/div>\n                                        \n                                      <\/div>\n                  <div class=\"column\">\n                                          <img decoding=\"async\" src=\"https:\/\/solidaritylevies.org\/app\/uploads\/2026\/02\/Emmanuel_Macron_portrait_cropped-e1770292720866.jpg\" \n                           alt=\"\" \n                           class=\"column-image\"\n                           loading=\"lazy\"\n                           sizes=\"(max-width: 5464px) 100vw, 5464px\"\n                                                        srcset=\"https:\/\/solidaritylevies.org\/app\/uploads\/2026\/02\/Emmanuel_Macron_portrait_cropped-e1770292720866-300x267.jpg 500w, https:\/\/solidaritylevies.org\/app\/uploads\/2026\/02\/Emmanuel_Macron_portrait_cropped-e1770292720866-1024x912.jpg 800w, https:\/\/solidaritylevies.org\/app\/uploads\/2026\/02\/Emmanuel_Macron_portrait_cropped-e1770292720866.jpg 1080w\"\n                           >\n                                      <\/div>\n                              <\/div>\n            <\/div>\n          <\/div>\n                  <div class=\"slide w-slide\">\n            <div class=\"container\">\n              <div class=\"row rcenter\">\n                                \n                                  \n                  <div class=\"column\">\n                                          <img decoding=\"async\" src=\"https:\/\/solidaritylevies.org\/app\/uploads\/2026\/02\/President_Ruto_Potrait_2022_cropped-e1770292831590.jpg\" \n                           alt=\"\" \n                           class=\"column-image\"\n                           loading=\"lazy\"\n                           sizes=\"(max-width: 5464px) 100vw, 5464px\"\n                                                        srcset=\"https:\/\/solidaritylevies.org\/app\/uploads\/2026\/02\/President_Ruto_Potrait_2022_cropped-e1770292747303-300x300.jpg 500w, https:\/\/solidaritylevies.org\/app\/uploads\/2026\/02\/President_Ruto_Potrait_2022_cropped-e1770292747303-1024x1020.jpg 800w, https:\/\/solidaritylevies.org\/app\/uploads\/2026\/02\/President_Ruto_Potrait_2022_cropped-e1770292831590.jpg 1080w\"\n                           >\n                                      <\/div>\n                  <div class=\"column\">\n                                        \n                                          <div class=\"w-richtext\">\n                        <blockquote>\n<h6><em><span style=\"font-weight: 400;\">\u201cThe Global Solidarity Levies Task Force, co-chaired by Kenya, France and Barbados, has explored innovative sources of finance\u2026 Many of the ideas are not new, as different countries have had such levies. What we need here is political will. We cannot keep talking about change without implementing it. The world is watching and expecting real outcomes.\u201d<\/span><\/em><\/h6>\n<\/blockquote>\n<p>&nbsp;<\/p>\n<h4>&#8211; President of Kenya, William Ruto<\/h4>\n\n                      <\/div>\n                                        \n                                      <\/div>\n                              <\/div>\n            <\/div>\n          <\/div>\n                  <div class=\"slide w-slide\">\n            <div class=\"container\">\n              <div class=\"row rcenter\">\n                                \n                                  \n                  <div class=\"column\">\n                                        \n                                          <div class=\"w-richtext\">\n                        <blockquote>\n<h6><em><span style=\"font-weight: 400;\">\u201cFinding new ways to raise the billions needed to fight climate change effectively and equitably is a huge, but necessary task&#8230; our Task Force will be looking for workable solutions for governments across the world. We\u2019re inviting nations across the world, as well as stakeholders and experts, to engage with and input into our research&#8230;\u201d<\/span><\/em><\/h6>\n<\/blockquote>\n<h4>&#8211; Laurence Tubiana, CEO of the European Climate Foundation and the architect of the Paris Climate Agreement and Chair of the Secretariat of the Global Solidarity Levies Task Force<\/h4>\n<h5><\/h5>\n\n                      <\/div>\n                                        \n                                      <\/div>\n                  <div class=\"column\">\n                                          <img decoding=\"async\" src=\"https:\/\/solidaritylevies.org\/app\/uploads\/2025\/11\/laurence-e1772025975510.jpg\" \n                           alt=\"\" \n                           class=\"column-image\"\n                           loading=\"lazy\"\n                           sizes=\"(max-width: 5464px) 100vw, 5464px\"\n                                                        srcset=\"https:\/\/solidaritylevies.org\/app\/uploads\/2025\/11\/laurence-e1772025975510-300x173.jpg 500w, https:\/\/solidaritylevies.org\/app\/uploads\/2025\/11\/laurence-e1772025975510-1024x590.jpg 800w, https:\/\/solidaritylevies.org\/app\/uploads\/2025\/11\/laurence-e1772025975510.jpg 1080w\"\n                           >\n                                      <\/div>\n                              <\/div>\n            <\/div>\n          <\/div>\n                  <\/div>\n    <div class=\"left-arrow w-slider-arrow-left\">\n      <div class=\"arrowicon ainavy w-icon-slider-left\"><\/div>\n    <\/div>\n    <div class=\"right-arrow w-slider-arrow-right\">\n      <div class=\"arrowicon ainavy w-icon-slider-right\"><\/div>\n    <\/div>\n    <div class=\"slide-nav w-slider-nav w-slider-nav-invert w-round\"><\/div>\n  <\/div>\n<\/div>\n\n\n<div class=\"section slightblue\">\n  <div class=\"container\">\n    <div class=\"row\">\n      <div class=\"column\">\n                          <div class=\"w-richtext\"><h3>Our Partners<\/h3>\n<h5><span style=\"font-weight: 400;\">We work closely with a wide range of organizations that are committed, alongside us, to finding sustainable financing solutions for the fight against climate change and international development. <\/span><span style=\"font-weight: 400;\"><br \/>\n<\/span><span style=\"font-weight: 400;\"><br \/>\n<\/span><span style=\"font-weight: 400;\">We can count on a group of renowned international specialists in economics, taxation, and development and climate finance.<\/span><\/h5>\n<\/div>\n                                                                                              <a href=\"https:\/\/solidaritylevies.org\/fr\/draft-who-we-are-sophie-and-catherine\/#expertgroup\" target=\"\" class=\"button w-button\">OUR EXPERT GROUP <\/a>\n                                                          <\/div>\n\n      <div class=\"column\">\n                  <img decoding=\"async\" src=\"https:\/\/solidaritylevies.org\/app\/uploads\/2026\/03\/New-Website-Mapping-2.png\" loading=\"lazy\"  alt=\"\" class=\"column-image\">\n                              <\/div>\n  <\/div>\n<\/div>\n<\/div>\n\n\n<div class=\"section snavy\">\n  <div class=\"container\">\n    <div class=\"row\">\n            <div class=\"column  divide\">\n        <div class=\"w-richtext\">\n          <h2>FAQ<\/h2>\n          <p><p style=\"text-align: left;\">Obtenez des r\u00e9ponses claires sur ce que sont les pr\u00e9l\u00e8vements de solidarit\u00e9, comment ils sont con\u00e7us et pourquoi ils sont importants pour les objectifs climatiques et de d\u00e9veloppement.<\/p>\n<h1><\/h1>\n<\/p>\n        <\/div>\n                                                            <a href=\"\/fr\/draft-about-us-sophie-and-catherine\/#faq\" class=\"button w-button\">FAQ<\/a>\n                                                  <\/div>\n                                  <div class=\"column\">\n            <div class=\"w-richtext\">\n              <h2>Restez inform\u00e9<\/h2>\n              <p><p>Inscrivez-vous \u00e0 notre lettre d'information pour \u00eatre tenu au courant des derni\u00e8res nouvelles du groupe de travail sur les taxes de solidarit\u00e9 mondiale.<\/p>\n<div id=\"mc_embed_shell\">\n<div id=\"mc_embed_signup\">\n<form id=\"mc-embedded-subscribe-form\" class=\"validate\" action=\"https:\/\/europeanclimate.us17.list-manage.com\/subscribe\/post?u=3d3e81548b7933c033b32f018&#038;id=1b90b76516&#038;f_id=00fac2e1f0\" method=\"post\" name=\"mc-embedded-subscribe-form\" novalidate=\"\" target=\"_self\" data-trp-original-action=\"https:\/\/europeanclimate.us17.list-manage.com\/subscribe\/post?u=3d3e81548b7933c033b32f018&amp;id=1b90b76516&amp;f_id=00fac2e1f0\">\n<div id=\"mc_embed_signup_scroll\">\n<div class=\"indicates-required\"><\/div>\n<div class=\"mc-field-group\"><label for=\"mce-EMAIL\">Votre Email <span class=\"asterisk\">*<\/span><\/label><input id=\"mce-EMAIL\" class=\"required email\" style=\"color: black;\" name=\"EMAIL\" required=\"\" type=\"email\" value=\"\" \/><\/div>\n<div hidden=\"\"><input name=\"tags\" type=\"hidden\" value=\"55\" \/><\/div>\n<div id=\"mce-responses\" class=\"clear\">\n<div id=\"mce-error-response\" class=\"response\" style=\"display: none;\"><\/div>\n<div id=\"mce-success-response\" class=\"response\" style=\"display: none;\"><\/div>\n<\/div>\n<div style=\"position: absolute; left: -5000px;\" aria-hidden=\"true\"><input tabindex=\"-1\" name=\"b_3d3e81548b7933c033b32f018_1b90b76516\" type=\"text\" value=\"\" \/><\/div>\n<div class=\"clear\"><input id=\"mc-embedded-subscribe\" class=\"button\" name=\"subscribe\" type=\"submit\" value=\"S&#039;abonner\" \/><\/div>\n<\/div>\n<input type=\"hidden\" name=\"trp-form-language\" value=\"fr\"\/><\/form>\n<\/div>\n<\/div>\n<\/p>\n            <\/div>\n                      <\/div>\n                     <\/div>\n  <\/div>\n<\/div>","protected":false},"excerpt":{"rendered":"","protected":false},"author":22,"featured_media":0,"parent":0,"menu_order":0,"comment_status":"closed","ping_status":"closed","template":"","meta":{"_acf_changed":false,"footnotes":""},"acf":[],"yoast_head":"<!-- This site is optimized with the Yoast SEO plugin v22.7 - https:\/\/yoast.com\/wordpress\/plugins\/seo\/ -->\n<title>Home Page | Global Solidarity Levies Task Force<\/title>\n<meta name=\"description\" content=\"The Global Solidarity Levies Task Force brings together countries from around the world to advance options for international levelies that will raise much needed revenue for the fight against climate change, and to support development and nature.\" \/>\n<meta name=\"robots\" content=\"index, follow, max-snippet:-1, max-image-preview:large, max-video-preview:-1\" \/>\n<link rel=\"canonical\" href=\"https:\/\/solidaritylevies.org\/fr\/home-page\/\" \/>\n<meta property=\"og:locale\" content=\"fr_FR\" \/>\n<meta property=\"og:type\" content=\"article\" \/>\n<meta property=\"og:title\" content=\"Home Page | Global Solidarity Levies Task Force\" \/>\n<meta property=\"og:description\" content=\"The Global Solidarity Levies Task Force brings together countries from around the world to advance options for international levelies that will raise much needed revenue for the fight against climate change, and to support development and nature.\" \/>\n<meta property=\"og:url\" content=\"https:\/\/solidaritylevies.org\/fr\/home-page\/\" \/>\n<meta property=\"og:site_name\" content=\"Global Solidarity Levies Task Force\" \/>\n<meta property=\"article:modified_time\" content=\"2026-04-29T16:59:23+00:00\" \/>\n<meta property=\"og:image\" content=\"https:\/\/solidaritylevies.org\/app\/uploads\/2024\/06\/Global-Solidarity-Levies-Task-Force-Meta-Image-1-scaled.jpg\" \/>\n\t<meta property=\"og:image:width\" content=\"2560\" \/>\n\t<meta property=\"og:image:height\" content=\"1343\" \/>\n\t<meta property=\"og:image:type\" content=\"image\/jpeg\" \/>\n<meta name=\"twitter:card\" content=\"summary_large_image\" \/>\n<meta name=\"twitter:site\" content=\"@gsltaskforce\" \/>\n<script type=\"application\/ld+json\" class=\"yoast-schema-graph\">{\"@context\":\"https:\/\/schema.org\",\"@graph\":[{\"@type\":\"WebPage\",\"@id\":\"https:\/\/solidaritylevies.org\/home-page\/\",\"url\":\"https:\/\/solidaritylevies.org\/home-page\/\",\"name\":\"Home Page | Global Solidarity Levies Task Force\",\"isPartOf\":{\"@id\":\"https:\/\/solidaritylevies.org\/#website\"},\"datePublished\":\"2026-02-27T14:15:35+00:00\",\"dateModified\":\"2026-04-29T16:59:23+00:00\",\"description\":\"The Global Solidarity Levies Task Force brings together countries from around the world to advance options for international levelies that will raise much needed revenue for the fight against climate change, and to support development and nature.\",\"breadcrumb\":{\"@id\":\"https:\/\/solidaritylevies.org\/home-page\/#breadcrumb\"},\"inLanguage\":\"fr-FR\",\"potentialAction\":[{\"@type\":\"ReadAction\",\"target\":[\"https:\/\/solidaritylevies.org\/home-page\/\"]}]},{\"@type\":\"BreadcrumbList\",\"@id\":\"https:\/\/solidaritylevies.org\/home-page\/#breadcrumb\",\"itemListElement\":[{\"@type\":\"ListItem\",\"position\":1,\"name\":\"Home\",\"item\":\"https:\/\/solidaritylevies.org\/\"},{\"@type\":\"ListItem\",\"position\":2,\"name\":\"Home Page\"}]},{\"@type\":\"WebSite\",\"@id\":\"https:\/\/solidaritylevies.org\/#website\",\"url\":\"https:\/\/solidaritylevies.org\/\",\"name\":\"Global Solidarity Levies Task Force\",\"description\":\"For People and the Planet\",\"publisher\":{\"@id\":\"https:\/\/solidaritylevies.org\/#organization\"},\"alternateName\":\"GSLTF\",\"potentialAction\":[{\"@type\":\"SearchAction\",\"target\":{\"@type\":\"EntryPoint\",\"urlTemplate\":\"https:\/\/solidaritylevies.org\/?s={search_term_string}\"},\"query-input\":\"required name=search_term_string\"}],\"inLanguage\":\"fr-FR\"},{\"@type\":\"Organization\",\"@id\":\"https:\/\/solidaritylevies.org\/#organization\",\"name\":\"Global Solidarity Levies Task Force\",\"alternateName\":\"GSLTF\",\"url\":\"https:\/\/solidaritylevies.org\/\",\"logo\":{\"@type\":\"ImageObject\",\"inLanguage\":\"fr-FR\",\"@id\":\"https:\/\/solidaritylevies.org\/#\/schema\/logo\/image\/\",\"url\":\"https:\/\/globalsolidaritylevies.org\/app\/uploads\/2024\/06\/cropped-6627a8ba3085d54b8fd46ff9_Circle-p-1080.png\",\"contentUrl\":\"https:\/\/globalsolidaritylevies.org\/app\/uploads\/2024\/06\/cropped-6627a8ba3085d54b8fd46ff9_Circle-p-1080.png\",\"width\":512,\"height\":512,\"caption\":\"Global Solidarity Levies Task Force\"},\"image\":{\"@id\":\"https:\/\/solidaritylevies.org\/#\/schema\/logo\/image\/\"},\"sameAs\":[\"https:\/\/x.com\/gsltaskforce\",\"https:\/\/www.linkedin.com\/company\/global-solidarity-levies-task-force\/\"]}]}<\/script>\n<!-- \/ Yoast SEO plugin. -->","yoast_head_json":{"title":"Home Page | Global Solidarity Levies Task Force","description":"The Global Solidarity Levies Task Force brings together countries from around the world to advance options for international levelies that will raise much needed revenue for the fight against climate change, and to support development and nature.","robots":{"index":"index","follow":"follow","max-snippet":"max-snippet:-1","max-image-preview":"max-image-preview:large","max-video-preview":"max-video-preview:-1"},"canonical":"https:\/\/solidaritylevies.org\/fr\/home-page\/","og_locale":"fr_FR","og_type":"article","og_title":"Home Page | Global Solidarity Levies Task Force","og_description":"The Global Solidarity Levies Task Force brings together countries from around the world to advance options for international levelies that will raise much needed revenue for the fight against climate change, and to support development and nature.","og_url":"https:\/\/solidaritylevies.org\/fr\/home-page\/","og_site_name":"Global Solidarity Levies Task Force","article_modified_time":"2026-04-29T16:59:23+00:00","og_image":[{"width":2560,"height":1343,"url":"https:\/\/solidaritylevies.org\/app\/uploads\/2024\/06\/Global-Solidarity-Levies-Task-Force-Meta-Image-1-scaled.jpg","type":"image\/jpeg"}],"twitter_card":"summary_large_image","twitter_site":"@gsltaskforce","schema":{"@context":"https:\/\/schema.org","@graph":[{"@type":"WebPage","@id":"https:\/\/solidaritylevies.org\/home-page\/","url":"https:\/\/solidaritylevies.org\/home-page\/","name":"Home Page | Global Solidarity Levies Task Force","isPartOf":{"@id":"https:\/\/solidaritylevies.org\/#website"},"datePublished":"2026-02-27T14:15:35+00:00","dateModified":"2026-04-29T16:59:23+00:00","description":"The Global Solidarity Levies Task Force brings together countries from around the world to advance options for international levelies that will raise much needed revenue for the fight against climate change, and to support development and nature.","breadcrumb":{"@id":"https:\/\/solidaritylevies.org\/home-page\/#breadcrumb"},"inLanguage":"fr-FR","potentialAction":[{"@type":"ReadAction","target":["https:\/\/solidaritylevies.org\/home-page\/"]}]},{"@type":"BreadcrumbList","@id":"https:\/\/solidaritylevies.org\/home-page\/#breadcrumb","itemListElement":[{"@type":"ListItem","position":1,"name":"Home","item":"https:\/\/solidaritylevies.org\/"},{"@type":"ListItem","position":2,"name":"Home Page"}]},{"@type":"WebSite","@id":"https:\/\/solidaritylevies.org\/#website","url":"https:\/\/solidaritylevies.org\/","name":"Global Solidarity Levies Task Force","description":"For People and the Planet","publisher":{"@id":"https:\/\/solidaritylevies.org\/#organization"},"alternateName":"GSLTF","potentialAction":[{"@type":"SearchAction","target":{"@type":"EntryPoint","urlTemplate":"https:\/\/solidaritylevies.org\/?s={search_term_string}"},"query-input":"required name=search_term_string"}],"inLanguage":"fr-FR"},{"@type":"Organization","@id":"https:\/\/solidaritylevies.org\/#organization","name":"Global Solidarity Levies Task Force","alternateName":"GSLTF","url":"https:\/\/solidaritylevies.org\/","logo":{"@type":"ImageObject","inLanguage":"fr-FR","@id":"https:\/\/solidaritylevies.org\/#\/schema\/logo\/image\/","url":"https:\/\/globalsolidaritylevies.org\/app\/uploads\/2024\/06\/cropped-6627a8ba3085d54b8fd46ff9_Circle-p-1080.png","contentUrl":"https:\/\/globalsolidaritylevies.org\/app\/uploads\/2024\/06\/cropped-6627a8ba3085d54b8fd46ff9_Circle-p-1080.png","width":512,"height":512,"caption":"Global Solidarity Levies Task Force"},"image":{"@id":"https:\/\/solidaritylevies.org\/#\/schema\/logo\/image\/"},"sameAs":["https:\/\/x.com\/gsltaskforce","https:\/\/www.linkedin.com\/company\/global-solidarity-levies-task-force\/"]}]}},"_links":{"self":[{"href":"https:\/\/solidaritylevies.org\/fr\/wp-json\/wp\/v2\/pages\/2816"}],"collection":[{"href":"https:\/\/solidaritylevies.org\/fr\/wp-json\/wp\/v2\/pages"}],"about":[{"href":"https:\/\/solidaritylevies.org\/fr\/wp-json\/wp\/v2\/types\/page"}],"author":[{"embeddable":true,"href":"https:\/\/solidaritylevies.org\/fr\/wp-json\/wp\/v2\/users\/22"}],"replies":[{"embeddable":true,"href":"https:\/\/solidaritylevies.org\/fr\/wp-json\/wp\/v2\/comments?post=2816"}],"version-history":[{"count":137,"href":"https:\/\/solidaritylevies.org\/fr\/wp-json\/wp\/v2\/pages\/2816\/revisions"}],"predecessor-version":[{"id":3922,"href":"https:\/\/solidaritylevies.org\/fr\/wp-json\/wp\/v2\/pages\/2816\/revisions\/3922"}],"wp:attachment":[{"href":"https:\/\/solidaritylevies.org\/fr\/wp-json\/wp\/v2\/media?parent=2816"}],"curies":[{"name":"wp","href":"https:\/\/api.w.org\/{rel}","templated":true}]}}